{"id":13630,"date":"2018-06-18T22:04:23","date_gmt":"2018-06-18T20:04:23","guid":{"rendered":"http:\/\/341.gvs.arnes.si\/wordpress\/?page_id=13630"},"modified":"2023-04-03T08:52:16","modified_gmt":"2023-04-03T06:52:16","slug":"pesniska-zbirka-nemir","status":"publish","type":"page","link":"https:\/\/www.egss.si\/index.php\/pesniska-zbirka-nemir\/","title":{"rendered":"Beseda"},"content":{"rendered":"<p><div class=\"fusion-fullwidth fullwidth-box fusion-builder-row-1 nonhundred-percent-fullwidth non-hundred-percent-height-scrolling\" style=\"--awb-border-radius-top-left:0px;--awb-border-radius-top-right:0px;--awb-border-radius-bottom-right:0px;--awb-border-radius-bottom-left:0px;--awb-padding-top:0px;--awb-padding-bottom:0px;--awb-background-color:#ffffff;--awb-flex-wrap:wrap;\" ><div class=\"fusion-builder-row fusion-row\"><div class=\"fusion-layout-column fusion_builder_column fusion-builder-column-0 fusion_builder_column_1_1 1_1 fusion-one-full fusion-column-first fusion-column-last\" style=\"--awb-bg-size:cover;--awb-margin-bottom:0px;\"><div class=\"fusion-column-wrapper fusion-flex-column-wrapper-legacy\"><div class=\"fusion-image-element in-legacy-container\" style=\"--awb-caption-title-font-family:var(--h2_typography-font-family);--awb-caption-title-font-weight:var(--h2_typography-font-weight);--awb-caption-title-font-style:var(--h2_typography-font-style);--awb-caption-title-size:var(--h2_typography-font-size);--awb-caption-title-transform:var(--h2_typography-text-transform);--awb-caption-title-line-height:var(--h2_typography-line-height);--awb-caption-title-letter-spacing:var(--h2_typography-letter-spacing);\"><span class=\" fusion-imageframe imageframe-none imageframe-1 hover-type-none\" style=\"border-radius:5px;\"><img decoding=\"async\" width=\"1441\" height=\"223\" title=\"header_BESEDA\" src=\"http:\/\/www.egss.si\/wp-content\/uploads\/2019\/01\/header_BESEDA.png\" alt class=\"img-responsive wp-image-15152\" srcset=\"https:\/\/www.egss.si\/wp-content\/uploads\/2019\/01\/header_BESEDA-200x31.png 200w, https:\/\/www.egss.si\/wp-content\/uploads\/2019\/01\/header_BESEDA-400x62.png 400w, https:\/\/www.egss.si\/wp-content\/uploads\/2019\/01\/header_BESEDA-600x93.png 600w, https:\/\/www.egss.si\/wp-content\/uploads\/2019\/01\/header_BESEDA-800x124.png 800w, https:\/\/www.egss.si\/wp-content\/uploads\/2019\/01\/header_BESEDA-1200x186.png 1200w, https:\/\/www.egss.si\/wp-content\/uploads\/2019\/01\/header_BESEDA.png 1441w\" sizes=\"(max-width: 1050px) 100vw, 1200px\" \/><\/span><\/div><div class=\"fusion-clearfix\"><\/div><\/div><\/div><\/div><\/div><div class=\"fusion-fullwidth fullwidth-box fusion-builder-row-2 nonhundred-percent-fullwidth non-hundred-percent-height-scrolling\" style=\"--awb-border-radius-top-left:0px;--awb-border-radius-top-right:0px;--awb-border-radius-bottom-right:0px;--awb-border-radius-bottom-left:0px;--awb-margin-top:40px;--awb-margin-bottom:40px;--awb-flex-wrap:wrap;\" ><div class=\"fusion-builder-row fusion-row\"><div class=\"fusion-layout-column fusion_builder_column fusion-builder-column-1 fusion_builder_column_1_1 1_1 fusion-one-full fusion-column-first fusion-column-last\" style=\"--awb-bg-size:cover;\"><div class=\"fusion-column-wrapper fusion-flex-column-wrapper-legacy\"><div class=\"fusion-sep-clear\"><\/div><div class=\"fusion-separator fusion-full-width-sep\" style=\"margin-left: auto;margin-right: auto;width:100%;\"><div class=\"fusion-separator-border sep-single\" style=\"--awb-height:20px;--awb-amount:20px;border-color:#e0dede;border-top-width:1px;\"><\/div><\/div><div class=\"fusion-sep-clear\"><\/div><div class=\"fusion-text fusion-text-1\"><h1>\u0160OLSKO LETO 2022\/23<\/h1>\n<\/div><div class=\"fusion-sep-clear\"><\/div><div class=\"fusion-separator fusion-full-width-sep\" style=\"margin-left: auto;margin-right: auto;width:100%;\"><div class=\"fusion-separator-border sep-single\" style=\"--awb-height:20px;--awb-amount:20px;border-color:#e0dede;border-top-width:1px;\"><\/div><\/div><div class=\"fusion-sep-clear\"><\/div><div class=\"fusion-text fusion-text-2\" style=\"--awb-text-transform:none;\"><h1>Nemir<\/h1>\n<h3>Pesni\u0161ka zbirka dijakov in dijakinj EGS\u0160 2022\/2023<\/h3>\n<h1><\/h1>\n<p>Dobrodo\u0161li in vabljeni k branju, obiskovalci spletnega Nemira, leto\u0161nje digitalne zbirke pesmi. Pred vami so dija\u0161ki verzi, ki izra\u017eajo mladostni\u0161ki pogled na svet, razgrinjajo intimne prostore, skrite in odkrite misli, slike in izraze odnosov ter ob\u010dutij. Zbrane pesmi so tudi trenutni pobeg iz tegob vsakdanjika, orisi bole\u010din in lepote, odraz vsega, kar vpliva na ob\u010dutke in odnos do sveta. Pesem je to, kar nas obdaja, lahko je Ni\u010d ali Vse, kot se je neko\u010d tudi meni zapisalo:<\/p>\n<p><strong>Ni\u010d ali skrivnost pesmi<\/strong><\/p>\n<p>Kepico sonca, sne\u017einko navdiha<br \/>\ndrobec navade, zapredek strasti.<br \/>\n\u017eli\u010dko vznesenosti, lon\u010dek prepiha,<br \/>\npo\u017eirek za\u010dudenja, zatrep la\u017ei.<\/p>\n<p>\u010cevelj\u010dek greha, ko\u0161\u010dek razvade,<br \/>\nprst izobilja, kapljo sveta.<br \/>\nSe\u017eenj razdalje, kon\u010dek prevlade,<br \/>\npest razo\u010daranja, sen ali dva.<\/p>\n<p>Tri verze ni\u010da, en zlog ti\u0161ine,<br \/>\nkitico molka, vmesja naklon,<br \/>\npavzo kri\u010danja, meter praznine,<br \/>\nen vdih zavesti, zamrzel sklon.<\/p>\n<p>Misli za\u010detek, konec premika,<br \/>\nsmrti povzetek, rojstvo miru.<br \/>\nmigljaj pogleda, trepet jezika,<br \/>\nvonje dotikov, sesutje zidu.<br \/>\n&#8230;<\/p>\n<p><em>Pesem si cela, te potrebujem,<\/em><br \/>\n<em>ali odmikam od tebe se stran?<\/em><br \/>\n<em>Si \u0161e vsa bela, kadar te snujem,<\/em><br \/>\n<em>mar tudi tebe mrcvari ta dan?<\/em><\/p>\n<p><em>\u00a0<\/em><\/p>\n<p>Vabim vse, ki radi pi\u0161ete in bi se nam \u017eeleli pridru\u017eiti, da tudi sami prispevate svoje drobce Nemira!<\/p>\n<p><em>\u00a0<\/em><\/p>\n<p><strong>Lidija Brezav\u0161\u010dek, mentorica<\/strong><\/p>\n<p>Katja Komljanec, pregled angle\u0161kih besed<\/p>\n<p>Ana Hlebanja, oblikovanje pesni\u0161ke zbirke in jezikovni pregled<\/p>\n<h1><\/h1>\n<\/div><div class=\"fusion-sep-clear\"><\/div><div class=\"fusion-separator fusion-full-width-sep\" style=\"margin-left: auto;margin-right: auto;width:100%;\"><div class=\"fusion-separator-border sep-single\" style=\"--awb-height:20px;--awb-amount:20px;border-color:#e0dede;border-top-width:1px;\"><\/div><\/div><div class=\"fusion-sep-clear\"><\/div><div class=\"fusion-text fusion-text-3\" style=\"--awb-text-transform:none;\"><h2>Dva<\/h2>\n<h2><\/h2>\n<p>Zamujeni vsakdan se prebudi v prilo\u017enosti.<br \/>\nKo zagleda\u0161 svojo polovico, se glas izgubi.<br \/>\nPreden se razpo\u010di\u0161, preden bo prepozno,<br \/>\ndaj besedi njeno iskreno vsebino:<\/p>\n<p>Ne jo\u010di, saj nisi sama, dva sva.<br \/>\nTukaj sem jaz in tukaj si ti,<br \/>\nvzel ti bom vse skrbi.<\/p>\n<p>Ko se tvoj nasmeh izgubi,<br \/>\nsvet potemni in ponikne smisel, upanje.<br \/>\n\u010ce nisva eno, sva ni\u010d.<\/p>\n<p>Petra Markelj, 1. a<\/p>\n<\/div><div class=\"fusion-sep-clear\"><\/div><div class=\"fusion-separator fusion-full-width-sep\" style=\"margin-left: auto;margin-right: auto;width:100%;\"><div class=\"fusion-separator-border sep-single\" style=\"--awb-height:20px;--awb-amount:20px;border-color:#e0dede;border-top-width:1px;\"><\/div><\/div><div class=\"fusion-sep-clear\"><\/div><div class=\"fusion-text fusion-text-4\" style=\"--awb-text-transform:none;\"><h2><\/h2>\n<h2>Rde\u010da marela<\/h2>\n<p>Neko\u010d je \u017eivela rde\u010da marela,<br \/>\nki nikdar ni znala postavat&#8217; brez dela.<br \/>\nPostala je tudi pravi model,<br \/>\nsvet treh umetnikov z njo je vzcvetel.<\/p>\n<p>Je Sternen zaradi nje bil ves vesel,<br \/>\nsliko kazil le obraz je ves bel.<br \/>\nKer pa je Matej Maler res tapravi,<br \/>\nje vedel takoj, kako stvar se postavi.<\/p>\n<p>Evo, Marela: Najbolj\u0161a ocena!<br \/>\nZdaj lahko loti\u0161 se drugega dela.<br \/>\nKar pojdi v svet, neko\u010d nek poet<br \/>\nupesnil ves tvoj bo pre\u010dudni planet.<\/p>\n<p>Mladenki pa re\u010de, naj v hipu se sle\u010de,<br \/>\nda slika imela bo vsaj kak kontrast,<br \/>\nne sivo in belo, prej \u010drno in rde\u010de \u2013<br \/>\nda vse to ne bo le marelina strast.<\/p>\n<p>Takrat gospodi\u010dna mo\u010dno zardi,<br \/>\nportret zacveti, slikar za\u017eari:<br \/>\n&#8220;Roza, prosim, daj kontakt,<br \/>\nnaslednja slika tvoj bo akt!&#8221;<\/p>\n<h2>Podobe iz sanj<\/h2>\n<p>So sanje more\u010de stra\u0161ljivo groze\u010de<br \/>\nin jutro ne ve, da v nevarnosti je.<br \/>\nNo\u010d vse to sluti, no\u010d vse to ve,<br \/>\na kako naj nesre\u010dnemu dnevu pove?<\/p>\n<p>Negibno razmi\u0161lja, se v hipu zave:<br \/>\nre\u0161itev je blizu \u2013 v njej sami nekje.<\/p>\n<p>So sanje vsebina, zamisel, globina.<br \/>\nKo mora me v spanju bo spet ohromila<br \/>\nin sanje barvite \u010drnina prekrila,<br \/>\nz lepoto v nov dan se bom sprehodila.<\/p>\n<p>Ker bistvo Sveta sta Ljubezen in Mir.<br \/>\nNaj misel nam ta prodre v zavest.<br \/>\nVsebina je ve\u010dna, premaga nemir!<br \/>\nIn ve\u010d kot nas bo, lep\u0161a bo vest.<\/p>\n<h2>Pravi prijatelj<\/h2>\n<p>Pravi prijatelj<br \/>\nti vedno pove<br \/>\nto\u010dno to, kar ti gre.<\/p>\n<p>Pravi prijatelj pusti,<br \/>\nda ljubi\u0161<br \/>\npovsem druge stvari.<\/p>\n<p>Lahko, da se zmoti,<br \/>\nlahko te kdaj rani,<br \/>\na prava ljubezen<br \/>\nvse to popravi.<\/p>\n<p>Le zvesti zdr\u017eijo,<br \/>\nko se vsi razbe\u017eijo,<br \/>\nsaj prijateljstvo igra ni,<br \/>\ntemve\u010d v srcu le\u017ei.<\/p>\n<p>Tako dale\u010d si stran,<br \/>\na v srcu si vedno z mano,<br \/>\n\u010deprav se vidiva le<br \/>\nna kak\u0161en prav poseben dan.<\/p>\n<h2><\/h2>\n<h2>Poletje<\/h2>\n<p>Ko pomlad preide v poletje,<br \/>\nIvana iz galerije zbe\u017ei v cvetje.<br \/>\nRo\u017e\u2019ce nabira, skrbno jih prebira,<br \/>\nv ve\u010dne vence jih zbira.<\/p>\n<p>Vmes vplete spomine,<br \/>\notro\u0161ke mojstrovine,<br \/>\n\u010dudovite umetnine,<br \/>\nmo\u010dne korenine &#8230;<\/p>\n<p>V cveto\u010dem zelenju<br \/>\nmed otro\u0161kim vrvenjem<br \/>\npa ves \u010das nekaj skaklja.<br \/>\nZeleni \u0161krat, morda \u2013 kobilica?<\/p>\n<h2><\/h2>\n<h2>Zvezdni trenutek ve\u010dnosti<\/h2>\n<p>Dajte mi platno,<br \/>\nza barvito zamisel \u2013<br \/>\nzdaj, da ne mine.<\/p>\n<p>Eva Maler, 1. g<\/p>\n<h2><\/h2>\n<\/div><div class=\"fusion-sep-clear\"><\/div><div class=\"fusion-separator fusion-full-width-sep\" style=\"margin-left: auto;margin-right: auto;width:100%;\"><div class=\"fusion-separator-border sep-single\" style=\"--awb-height:20px;--awb-amount:20px;border-color:#e0dede;border-top-width:1px;\"><\/div><\/div><div class=\"fusion-sep-clear\"><\/div><div class=\"fusion-text fusion-text-5\" style=\"--awb-text-transform:none;\"><h2>Nemir<\/h2>\n<h2><\/h2>\n<p>Spomnim se trenutka, ko si prvi\u010d me ljubila,<br \/>\nrekla si, da filingov teh ne bo\u0161 &#8216;zgubila,<br \/>\nspomni se, ko si me prvi\u010d poljubila,<br \/>\ntvoje ustnice so bolj\u0161e k&#8217; mamila.<br \/>\nVsaki\u010d ko sem te sre\u010dal, mi sr\u010dek je zapel,<br \/>\nslabo bi se po\u010dutil, \u010de ne bi te objel.<br \/>\nUpam, da razume\u0161 me, da sem preve\u010d trpel,<br \/>\nmogo\u010de bi b&#8217;lo bolj\u0161e spremen&#8217;t&#8217; se v pepel.<br \/>\nNemir prisoten je, ko konec bli\u017ea se,<br \/>\n\u010de ne bi je spoznal,<br \/>\nzdaj ne bi se kesal.<\/p>\n<p>Alja\u017e Magdi\u010d, 2. b<\/p>\n<h2><\/h2>\n<\/div><div class=\"fusion-sep-clear\"><\/div><div class=\"fusion-separator fusion-full-width-sep\" style=\"margin-left: auto;margin-right: auto;width:100%;\"><div class=\"fusion-separator-border sep-single\" style=\"--awb-height:20px;--awb-amount:20px;border-color:#e0dede;border-top-width:1px;\"><\/div><\/div><div class=\"fusion-sep-clear\"><\/div><div class=\"fusion-text fusion-text-6\" style=\"--awb-text-transform:none;\"><h2>Maria Antoaneta<\/h2>\n<p>Sladka sem in sama dobrota me obliva,<br \/>\nne misli, da pod vso to sladkobo grenkoba se ne skriva.<br \/>\n\u010ceprav sem \u0161e tako topla,<br \/>\nznotraj nisem votla.<\/p>\n<p>Ne me\u010di me pre\u010d,<br \/>\nin ne vzemi mi preve\u010d \u2026<br \/>\nNajina \u010dustva tesno so oprijeta,<br \/>\nsaj nisi Maria Antoaneta!<\/p>\n<p>Mojega sladkornega jezika je sama ostrina,<br \/>\nglavo ti odseka moja besedna giljotina.<\/p>\n<h2>Uspeh<\/h2>\n<p>Blestela sem med zvezdami na nebu,<br \/>\nres pustila sem svoj sij,<br \/>\nA zdaj utrujena sem in oprijemam se za nekaj,<br \/>\n\u010desar v mojem \u017eivljenju \u017ee dolgo ve\u010d ni \u2026<\/p>\n<h2>Roke<\/h2>\n<p>Nohti zgrizeni do kosti,<br \/>\ntreso\u010de se dlani.<br \/>\nPoglej jih, kaj ti poved\u00f3 sedaj?<br \/>\n\u017de ure strmim vanje in ne razumem, zakaj \u2026<\/p>\n<p>Iste dlani se niso branile<br \/>\nzunanje sile.<br \/>\nZato sedaj delajo mnogo ve\u010d,<br \/>\nv upu, da izmijejo ga pre\u010d.<\/p>\n<p>Umazanijo neko\u010d \u017ee \u010das bo splaknil.<br \/>\nA moje dlani nikdar ve\u010d ne bodo take kot prej,<br \/>\n\u010de ima\u0161 dekle za ne\u010disto po tem, ko si se je dotaknil,<br \/>\nle svoje roke najprej poglej.<\/p>\n<h2><strong>Po\u0161ast<\/strong><\/h2>\n<p>Najbr\u017e \u017ee ve\u0161 nekaj o po\u0161astih iz knjig, o princih in zmajih lete\u010dih,<br \/>\nin o zlomljenih srcih junakov trpe\u010dih.<\/p>\n<p>Med nami take po\u0161asti \u017eivijo,<br \/>\nna neslutena srca pre\u017eijo.<\/p>\n<p>Naivna sem padla v po\u0161astno ukano,<br \/>\nnedol\u017enost mi je izgrizel in na njenem mestu pustil globoko rano.<\/p>\n<p>Meduza<\/p>\n<\/div><div class=\"fusion-sep-clear\"><\/div><div class=\"fusion-separator fusion-full-width-sep\" style=\"margin-left: auto;margin-right: auto;width:100%;\"><div class=\"fusion-separator-border sep-single\" style=\"--awb-height:20px;--awb-amount:20px;border-color:#e0dede;border-top-width:1px;\"><\/div><\/div><div class=\"fusion-sep-clear\"><\/div><div class=\"fusion-text fusion-text-7\" style=\"--awb-text-transform:none;\"><h2>We are<\/h2>\n<p>We are sun and moon.<br \/>\nWe are sugar and salt.<br \/>\nWe are laughter and tears.<br \/>\nWe are medicine and poison.<br \/>\nWe are day and night.<br \/>\nWe are light and darkness.<br \/>\nWe are white and black.<br \/>\nWe are love and hate.<br \/>\nWe are silence and noise.<br \/>\nWe are everything and nothing!<\/p>\n<p>Lana Traven, 1. a<\/p>\n<h2><\/h2>\n<\/div><div class=\"fusion-sep-clear\"><\/div><div class=\"fusion-separator fusion-full-width-sep\" style=\"margin-left: auto;margin-right: auto;width:100%;\"><div class=\"fusion-separator-border sep-single\" style=\"--awb-height:20px;--awb-amount:20px;border-color:#e0dede;border-top-width:1px;\"><\/div><\/div><div class=\"fusion-sep-clear\"><\/div><div class=\"fusion-text fusion-text-8\" style=\"--awb-text-transform:none;\"><h2>Countdown<\/h2>\n<p>Well if you wanted me to punch a guy in the face then you should\u2019ve just said so<br \/>\nAnd if you really wanted me to stand up for myself<br \/>\nYou should\u2019ve said that<br \/>\nYears ago<\/p>\n<p>I\u2019m back, back, back again<br \/>\nPumping adrenaline<br \/>\n\u2018Cause I\u2019m bored as fuck and I can<br \/>\nSo let\u2019s destroy this town, countdown (POW)<\/p>\n<p>You say I\u2019m falling behind when it\u2019s you who hit your peak too fast<br \/>\nNo, well then maybe it\u2019s just me<br \/>\nWho finally found motivation to find a<br \/>\nFixer<\/p>\n<p>I\u2019m back, back, back again<br \/>\nPumping adrenaline<br \/>\n\u2018Cause I\u2019m bored as fuck and I can<br \/>\nSo let\u2019s destroy this town, countdown (POW)<\/p>\n<p>And now it\u2019s time for a countdown<br \/>\n10 \u2026, 9 \u2026, 8 \u2026, 7 \u2026, 6, 5, 4, 3, 2, 1<br \/>\nLet\u2019s go<br \/>\nFor sure<br \/>\nI\u2019m not going to tip-toe anymore<br \/>\n\u2018Cause I\u2019m out of control<\/p>\n<p>I\u2019m back, back, back again<br \/>\nPumping adrenaline<br \/>\n\u2018Cause I\u2019m bored as fuck and I can<br \/>\nSo let\u2019s destroy this town, countdown (POW)<\/p>\n<h2>I&#8217;ll Kill God<\/h2>\n<h2><\/h2>\n<p>I was never good at sports<br \/>\nbut if it&#8217;s the one thing that I&#8217;ll win<br \/>\nit&#8217;s this war<br \/>\nsince you&#8217;re just dancing and prancing around like a little toy<br \/>\nnow you can&#8217;t mourn<br \/>\nyou don&#8217;t have time<br \/>\nyou&#8217;ve got to roar back<br \/>\nor I&#8217;ll give you a heart attack<br \/>\nmake you lose track<br \/>\nmake you out of control<br \/>\nmake you never wanna come back<br \/>\nno more<\/p>\n<p>I&#8217;ll kill god<br \/>\nI&#8217;ll make him pay for it<br \/>\nsold my soul to the devil for some content<br \/>\nI&#8217;ll kill god<br \/>\nI&#8217;ll make him pay for it<br \/>\nI&#8217;ll go down in history even the prophets<br \/>\nwill talk about it<\/p>\n<p>So so long, goodbye<br \/>\nyou can try<br \/>\nbut I&#8217;ll stay undefeated<br \/>\nyour death, I&#8217;ll make you wish for it<br \/>\nAnd if you wish to defeat me train for another billion years heheheh<\/p>\n<h2>The Demons Will Get You<\/h2>\n<h2><\/h2>\n<p>She was a bad girl<br \/>\nShe looked like something no one ever should<br \/>\nShe was violent<br \/>\nYeah she can kill you in more ways than murder<\/p>\n<p>Well I guess it\u2019s already ten minutes \u2018till midnight<br \/>\nYou can already see the black in her eyes<br \/>\nDon\u2019t go to her room<br \/>\nThe demons will get you way too soon<br \/>\nBecause she is addicted, yeah she is addicted<br \/>\nTo the loneliness<\/p>\n<p>The demons will get you<br \/>\nThe demons will get you<br \/>\nThe demons won\u2019t let you<br \/>\nGet too close to her<br \/>\nThe demons will get you<br \/>\nThe demons will get you<br \/>\nThe demons will help her<br \/>\nYou better run<\/p>\n<p>Because she can\u2019t help it<br \/>\nShe wants to be alone<br \/>\nThough she still wants someone to love her<br \/>\nEven though she probably can\u2019t la, la, la, la, love them back<br \/>\nDon\u2019t know whose life is more tragic<br \/>\nYours or hers<br \/>\nIf you ask \u201cwhen will she go away?\u201d you\u2019re absurd<br \/>\nShe wants to see the torture so she mi, mi, mi, mi might stab your back<br \/>\nWell I guess it\u2019s already ten minutes \u2018till midnight<br \/>\nYou can already see the black in her eyes<br \/>\nDon\u2019t go to her room<br \/>\nThe demons will get you way too soon<br \/>\nBecause she is addicted, yea she is addicted<br \/>\nTo the loneliness<\/p>\n<p>The demons will get you<br \/>\nThe demons will get you<br \/>\nThe demons won\u2019t let you<br \/>\nGet too close to her<br \/>\nThe demons will get you<br \/>\nThe demons will get you<br \/>\nThe demons will help her<br \/>\nYou better run<\/p>\n<p>Rox Felix<\/p>\n<h2><\/h2>\n<\/div><div class=\"fusion-sep-clear\"><\/div><div class=\"fusion-separator fusion-full-width-sep\" style=\"margin-left: auto;margin-right: auto;width:100%;\"><div class=\"fusion-separator-border sep-single\" style=\"--awb-height:20px;--awb-amount:20px;border-color:#e0dede;border-top-width:1px;\"><\/div><\/div><div class=\"fusion-sep-clear\"><\/div><div class=\"fusion-text fusion-text-9\" style=\"--awb-text-transform:none;\"><h2>I Think I&#8217;m In Love<\/h2>\n<h2><\/h2>\n<p>Daylight sky, I see it why<br \/>\nin nightime lost, you see it why<br \/>\nyou&#8217;ve been on my mind<br \/>\njust to see it why you&#8217;re gone<br \/>\nyou would never change for no better days I know<\/p>\n<p>I think I&#8217;m in love<br \/>\nI think I&#8217;m in love with you<\/p>\n<p>sunshine eyes, just tell me why<br \/>\nthe sunshine goes, so noone knows<\/p>\n<p>I think that I&#8217;m in love<\/p>\n<p>Tristan Gra\u0161i\u010d 3. g<\/p>\n<h1><\/h1>\n<\/div><div class=\"fusion-text fusion-text-10\"><\/div><div class=\"fusion-sep-clear\"><\/div><div class=\"fusion-separator fusion-full-width-sep\" style=\"margin-left: auto;margin-right: auto;width:100%;\"><div class=\"fusion-separator-border sep-single\" style=\"--awb-height:20px;--awb-amount:20px;border-color:#e0dede;border-top-width:1px;\"><\/div><\/div><div class=\"fusion-sep-clear\"><\/div><div class=\"fusion-text fusion-text-11\"><h1>\u0160OLSKO LETO 2021\/22<\/h1>\n<\/div><div class=\"fusion-sep-clear\"><\/div><div class=\"fusion-separator fusion-full-width-sep\" style=\"margin-left: auto;margin-right: auto;width:100%;\"><div class=\"fusion-separator-border sep-single\" style=\"--awb-height:20px;--awb-amount:20px;border-color:#e0dede;border-top-width:1px;\"><\/div><\/div><div class=\"fusion-sep-clear\"><\/div><div class=\"fusion-text fusion-text-12\" style=\"--awb-text-transform:none;\"><h1>15. 4. \u2013 svetovni dan mladih prostovoljcev<\/h1>\n<div id=\"gallery-1\" class=\"gallery galleryid-13569 gallery-columns-2 gallery-size-fusion-600\">\n\n\t\t<style type=\"text\/css\">\n\t\t\t#gallery-1 {\n\t\t\t\tmargin: auto;\n\t\t\t}\n\t\t\t#gallery-1 .gallery-item {\n\t\t\t\tfloat: left;\n\t\t\t\tmargin-top: 10px;\n\t\t\t\ttext-align: center;\n\t\t\t\twidth: 50%;\n\t\t\t}\n\t\t\t#gallery-1 img {\n\t\t\t\tborder: 2px solid #cfcfcf;\n\t\t\t}\n\t\t\t#gallery-1 .gallery-caption {\n\t\t\t\tmargin-left: 0;\n\t\t\t}\n\t\t\t\/* see gallery_shortcode() in wp-includes\/media.php *\/\n\t\t<\/style>\n\t\t<div id='gallery-1' class='gallery galleryid-13630 gallery-columns-2 gallery-size-fusion-600'><dl class='gallery-item'>\n\t\t\t<dt class='gallery-icon landscape'>\n\t\t\t\t<a data-rel=\"iLightbox[postimages]\" data-title=\"Dan-prostovoljcev\" data-caption=\"\" href='https:\/\/www.egss.si\/wp-content\/uploads\/2022\/04\/Dan-prostovoljcev.jpg'><img decoding=\"async\" width=\"600\" height=\"600\" src=\"https:\/\/www.egss.si\/wp-content\/uploads\/2022\/04\/Dan-prostovoljcev-600x600.jpg\" class=\"attachment-fusion-600 size-fusion-600\" alt=\"\" srcset=\"https:\/\/www.egss.si\/wp-content\/uploads\/2022\/04\/Dan-prostovoljcev-66x66.jpg 66w, https:\/\/www.egss.si\/wp-content\/uploads\/2022\/04\/Dan-prostovoljcev-150x150.jpg 150w, https:\/\/www.egss.si\/wp-content\/uploads\/2022\/04\/Dan-prostovoljcev-200x200.jpg 200w, https:\/\/www.egss.si\/wp-content\/uploads\/2022\/04\/Dan-prostovoljcev-300x300.jpg 300w, https:\/\/www.egss.si\/wp-content\/uploads\/2022\/04\/Dan-prostovoljcev-400x400.jpg 400w, https:\/\/www.egss.si\/wp-content\/uploads\/2022\/04\/Dan-prostovoljcev-600x600.jpg 600w, https:\/\/www.egss.si\/wp-content\/uploads\/2022\/04\/Dan-prostovoljcev-768x768.jpg 768w, https:\/\/www.egss.si\/wp-content\/uploads\/2022\/04\/Dan-prostovoljcev-800x800.jpg 800w, https:\/\/www.egss.si\/wp-content\/uploads\/2022\/04\/Dan-prostovoljcev.jpg 1024w\" sizes=\"(max-width: 600px) 100vw, 600px\" \/><\/a>\n\t\t\t<\/dt><\/dl>\n\t\t\t<br style='clear: both' \/>\n\t\t<\/div>\n\n<\/div>\n<p>Manca Japelj, 3. g<\/p>\n<p>Magdalena Rozman, mentorica<\/p>\n<p>Oblikovanje: Maja Najdi\u010d<\/p>\n<\/div><div class=\"fusion-sep-clear\"><\/div><div class=\"fusion-separator fusion-full-width-sep\" style=\"margin-left: auto;margin-right: auto;width:100%;\"><div class=\"fusion-separator-border sep-single\" style=\"--awb-height:20px;--awb-amount:20px;border-color:#e0dede;border-top-width:1px;\"><\/div><\/div><div class=\"fusion-sep-clear\"><\/div><div class=\"fusion-text fusion-text-13\"><h1>11. 11. \u2013 svetovni dan boja proti odvisnosti<\/h1>\n<div id=\"gallery-1\" class=\"gallery galleryid-13569 gallery-columns-2 gallery-size-fusion-600\">\n\n\t\t<style type=\"text\/css\">\n\t\t\t#gallery-2 {\n\t\t\t\tmargin: auto;\n\t\t\t}\n\t\t\t#gallery-2 .gallery-item {\n\t\t\t\tfloat: left;\n\t\t\t\tmargin-top: 10px;\n\t\t\t\ttext-align: center;\n\t\t\t\twidth: 50%;\n\t\t\t}\n\t\t\t#gallery-2 img {\n\t\t\t\tborder: 2px solid #cfcfcf;\n\t\t\t}\n\t\t\t#gallery-2 .gallery-caption {\n\t\t\t\tmargin-left: 0;\n\t\t\t}\n\t\t\t\/* see gallery_shortcode() in wp-includes\/media.php *\/\n\t\t<\/style>\n\t\t<div id='gallery-2' class='gallery galleryid-13630 gallery-columns-2 gallery-size-fusion-600'><dl class='gallery-item'>\n\t\t\t<dt class='gallery-icon landscape'>\n\t\t\t\t<a data-rel=\"iLightbox[postimages]\" data-title=\"Dan_boja_proti_odvisnosti_Manca_J\" data-caption=\"\" href='https:\/\/www.egss.si\/wp-content\/uploads\/2021\/11\/Dan_boja_proti_odvisnosti_Manca_J.jpg'><img decoding=\"async\" width=\"600\" height=\"600\" src=\"https:\/\/www.egss.si\/wp-content\/uploads\/2021\/11\/Dan_boja_proti_odvisnosti_Manca_J-600x600.jpg\" class=\"attachment-fusion-600 size-fusion-600\" alt=\"\" srcset=\"https:\/\/www.egss.si\/wp-content\/uploads\/2021\/11\/Dan_boja_proti_odvisnosti_Manca_J-66x66.jpg 66w, https:\/\/www.egss.si\/wp-content\/uploads\/2021\/11\/Dan_boja_proti_odvisnosti_Manca_J-150x150.jpg 150w, https:\/\/www.egss.si\/wp-content\/uploads\/2021\/11\/Dan_boja_proti_odvisnosti_Manca_J-200x200.jpg 200w, https:\/\/www.egss.si\/wp-content\/uploads\/2021\/11\/Dan_boja_proti_odvisnosti_Manca_J-300x300.jpg 300w, https:\/\/www.egss.si\/wp-content\/uploads\/2021\/11\/Dan_boja_proti_odvisnosti_Manca_J-400x400.jpg 400w, https:\/\/www.egss.si\/wp-content\/uploads\/2021\/11\/Dan_boja_proti_odvisnosti_Manca_J-600x600.jpg 600w, https:\/\/www.egss.si\/wp-content\/uploads\/2021\/11\/Dan_boja_proti_odvisnosti_Manca_J-768x768.jpg 768w, https:\/\/www.egss.si\/wp-content\/uploads\/2021\/11\/Dan_boja_proti_odvisnosti_Manca_J-800x800.jpg 800w, https:\/\/www.egss.si\/wp-content\/uploads\/2021\/11\/Dan_boja_proti_odvisnosti_Manca_J-1024x1024.jpg 1024w, https:\/\/www.egss.si\/wp-content\/uploads\/2021\/11\/Dan_boja_proti_odvisnosti_Manca_J-1200x1200.jpg 1200w, https:\/\/www.egss.si\/wp-content\/uploads\/2021\/11\/Dan_boja_proti_odvisnosti_Manca_J-1536x1536.jpg 1536w\" sizes=\"(max-width: 600px) 100vw, 600px\" \/><\/a>\n\t\t\t<\/dt><\/dl>\n\t\t\t<br style='clear: both' \/>\n\t\t<\/div>\n\n<\/div>\n<p>Manca Japelj, 3. g<\/p>\n<p>Magdalena Rozman, mentorica<\/p>\n<p>Oblikovanje: Maja Najdi\u010d<\/p>\n<\/div><div class=\"fusion-sep-clear\"><\/div><div class=\"fusion-separator fusion-full-width-sep\" style=\"margin-left: auto;margin-right: auto;width:100%;\"><div class=\"fusion-separator-border sep-single\" style=\"--awb-height:20px;--awb-amount:20px;border-color:#e0dede;border-top-width:1px;\"><\/div><\/div><div class=\"fusion-sep-clear\"><\/div><div class=\"fusion-text fusion-text-14\"><h1>10. 10. &#8211; svetovni dan du\u0161evnega zdravja<\/h1>\n\n\t\t<style type=\"text\/css\">\n\t\t\t#gallery-3 {\n\t\t\t\tmargin: auto;\n\t\t\t}\n\t\t\t#gallery-3 .gallery-item {\n\t\t\t\tfloat: left;\n\t\t\t\tmargin-top: 10px;\n\t\t\t\ttext-align: center;\n\t\t\t\twidth: 33%;\n\t\t\t}\n\t\t\t#gallery-3 img {\n\t\t\t\tborder: 2px solid #cfcfcf;\n\t\t\t}\n\t\t\t#gallery-3 .gallery-caption {\n\t\t\t\tmargin-left: 0;\n\t\t\t}\n\t\t\t\/* see gallery_shortcode() in wp-includes\/media.php *\/\n\t\t<\/style>\n\t\t<div id='gallery-3' class='gallery galleryid-13630 gallery-columns-3 gallery-size-medium'><dl class='gallery-item'>\n\t\t\t<dt class='gallery-icon landscape'>\n\t\t\t\t<a data-rel=\"iLightbox[postimages]\" data-title=\"dusevno_zdravje\" data-caption=\"\" href='https:\/\/www.egss.si\/wp-content\/uploads\/2021\/10\/dusevno_zdravje.jpg'><img decoding=\"async\" width=\"300\" height=\"300\" src=\"https:\/\/www.egss.si\/wp-content\/uploads\/2021\/10\/dusevno_zdravje-300x300.jpg\" class=\"attachment-medium size-medium\" alt=\"\" srcset=\"https:\/\/www.egss.si\/wp-content\/uploads\/2021\/10\/dusevno_zdravje-66x66.jpg 66w, https:\/\/www.egss.si\/wp-content\/uploads\/2021\/10\/dusevno_zdravje-150x150.jpg 150w, https:\/\/www.egss.si\/wp-content\/uploads\/2021\/10\/dusevno_zdravje-200x200.jpg 200w, https:\/\/www.egss.si\/wp-content\/uploads\/2021\/10\/dusevno_zdravje-300x300.jpg 300w, https:\/\/www.egss.si\/wp-content\/uploads\/2021\/10\/dusevno_zdravje-400x400.jpg 400w, https:\/\/www.egss.si\/wp-content\/uploads\/2021\/10\/dusevno_zdravje-600x600.jpg 600w, https:\/\/www.egss.si\/wp-content\/uploads\/2021\/10\/dusevno_zdravje-768x768.jpg 768w, https:\/\/www.egss.si\/wp-content\/uploads\/2021\/10\/dusevno_zdravje-800x800.jpg 800w, https:\/\/www.egss.si\/wp-content\/uploads\/2021\/10\/dusevno_zdravje-1024x1024.jpg 1024w, https:\/\/www.egss.si\/wp-content\/uploads\/2021\/10\/dusevno_zdravje-1200x1200.jpg 1200w, https:\/\/www.egss.si\/wp-content\/uploads\/2021\/10\/dusevno_zdravje-1536x1536.jpg 1536w, https:\/\/www.egss.si\/wp-content\/uploads\/2021\/10\/dusevno_zdravje.jpg 1744w\" sizes=\"(max-width: 300px) 100vw, 300px\" \/><\/a>\n\t\t\t<\/dt><\/dl><dl class='gallery-item'>\n\t\t\t<dt class='gallery-icon landscape'>\n\t\t\t\t<a data-rel=\"iLightbox[postimages]\" data-title=\"dusevno_zdravje1\" data-caption=\"\" href='https:\/\/www.egss.si\/wp-content\/uploads\/2021\/10\/dusevno_zdravje1.jpg'><img decoding=\"async\" width=\"300\" height=\"300\" src=\"https:\/\/www.egss.si\/wp-content\/uploads\/2021\/10\/dusevno_zdravje1-300x300.jpg\" class=\"attachment-medium size-medium\" alt=\"\" srcset=\"https:\/\/www.egss.si\/wp-content\/uploads\/2021\/10\/dusevno_zdravje1-66x66.jpg 66w, https:\/\/www.egss.si\/wp-content\/uploads\/2021\/10\/dusevno_zdravje1-150x150.jpg 150w, https:\/\/www.egss.si\/wp-content\/uploads\/2021\/10\/dusevno_zdravje1-200x200.jpg 200w, https:\/\/www.egss.si\/wp-content\/uploads\/2021\/10\/dusevno_zdravje1-300x300.jpg 300w, https:\/\/www.egss.si\/wp-content\/uploads\/2021\/10\/dusevno_zdravje1-400x400.jpg 400w, https:\/\/www.egss.si\/wp-content\/uploads\/2021\/10\/dusevno_zdravje1-600x600.jpg 600w, https:\/\/www.egss.si\/wp-content\/uploads\/2021\/10\/dusevno_zdravje1-768x768.jpg 768w, https:\/\/www.egss.si\/wp-content\/uploads\/2021\/10\/dusevno_zdravje1-800x800.jpg 800w, https:\/\/www.egss.si\/wp-content\/uploads\/2021\/10\/dusevno_zdravje1-1024x1024.jpg 1024w, https:\/\/www.egss.si\/wp-content\/uploads\/2021\/10\/dusevno_zdravje1-1200x1200.jpg 1200w, https:\/\/www.egss.si\/wp-content\/uploads\/2021\/10\/dusevno_zdravje1-1536x1536.jpg 1536w, https:\/\/www.egss.si\/wp-content\/uploads\/2021\/10\/dusevno_zdravje1.jpg 1744w\" sizes=\"(max-width: 300px) 100vw, 300px\" \/><\/a>\n\t\t\t<\/dt><\/dl>\n\t\t\t<br style='clear: both' \/>\n\t\t<\/div>\n\n<\/div><div class=\"fusion-text fusion-text-15\"><h1>5. 10. &#8211; svetovni dan u\u010diteljev<\/h1>\n\n\t\t<style type=\"text\/css\">\n\t\t\t#gallery-4 {\n\t\t\t\tmargin: auto;\n\t\t\t}\n\t\t\t#gallery-4 .gallery-item {\n\t\t\t\tfloat: left;\n\t\t\t\tmargin-top: 10px;\n\t\t\t\ttext-align: center;\n\t\t\t\twidth: 33%;\n\t\t\t}\n\t\t\t#gallery-4 img {\n\t\t\t\tborder: 2px solid #cfcfcf;\n\t\t\t}\n\t\t\t#gallery-4 .gallery-caption {\n\t\t\t\tmargin-left: 0;\n\t\t\t}\n\t\t\t\/* see gallery_shortcode() in wp-includes\/media.php *\/\n\t\t<\/style>\n\t\t<div id='gallery-4' class='gallery galleryid-13630 gallery-columns-3 gallery-size-medium'><dl class='gallery-item'>\n\t\t\t<dt class='gallery-icon landscape'>\n\t\t\t\t<a data-rel=\"iLightbox[postimages]\" data-title=\"Dan_uciteljev_Manca_J\" data-caption=\"\" href='https:\/\/www.egss.si\/wp-content\/uploads\/2021\/10\/Dan_uciteljev_Manca_J.jpg'><img decoding=\"async\" width=\"300\" height=\"300\" src=\"https:\/\/www.egss.si\/wp-content\/uploads\/2021\/10\/Dan_uciteljev_Manca_J-300x300.jpg\" class=\"attachment-medium size-medium\" alt=\"\" srcset=\"https:\/\/www.egss.si\/wp-content\/uploads\/2021\/10\/Dan_uciteljev_Manca_J-66x66.jpg 66w, https:\/\/www.egss.si\/wp-content\/uploads\/2021\/10\/Dan_uciteljev_Manca_J-150x150.jpg 150w, https:\/\/www.egss.si\/wp-content\/uploads\/2021\/10\/Dan_uciteljev_Manca_J-200x200.jpg 200w, https:\/\/www.egss.si\/wp-content\/uploads\/2021\/10\/Dan_uciteljev_Manca_J-300x300.jpg 300w, https:\/\/www.egss.si\/wp-content\/uploads\/2021\/10\/Dan_uciteljev_Manca_J-400x400.jpg 400w, https:\/\/www.egss.si\/wp-content\/uploads\/2021\/10\/Dan_uciteljev_Manca_J-600x600.jpg 600w, https:\/\/www.egss.si\/wp-content\/uploads\/2021\/10\/Dan_uciteljev_Manca_J-768x768.jpg 768w, https:\/\/www.egss.si\/wp-content\/uploads\/2021\/10\/Dan_uciteljev_Manca_J-800x800.jpg 800w, https:\/\/www.egss.si\/wp-content\/uploads\/2021\/10\/Dan_uciteljev_Manca_J-1024x1024.jpg 1024w, https:\/\/www.egss.si\/wp-content\/uploads\/2021\/10\/Dan_uciteljev_Manca_J-1200x1200.jpg 1200w, https:\/\/www.egss.si\/wp-content\/uploads\/2021\/10\/Dan_uciteljev_Manca_J-1536x1536.jpg 1536w\" sizes=\"(max-width: 300px) 100vw, 300px\" \/><\/a>\n\t\t\t<\/dt><\/dl>\n\t\t\t<br style='clear: both' \/>\n\t\t<\/div>\n\n<\/div><div class=\"fusion-text fusion-text-16\"><h1>8. 9. &#8211; svetovni dan boja proti nepismenosti<\/h1>\n\n\t\t<style type=\"text\/css\">\n\t\t\t#gallery-5 {\n\t\t\t\tmargin: auto;\n\t\t\t}\n\t\t\t#gallery-5 .gallery-item {\n\t\t\t\tfloat: left;\n\t\t\t\tmargin-top: 10px;\n\t\t\t\ttext-align: center;\n\t\t\t\twidth: 33%;\n\t\t\t}\n\t\t\t#gallery-5 img {\n\t\t\t\tborder: 2px solid #cfcfcf;\n\t\t\t}\n\t\t\t#gallery-5 .gallery-caption {\n\t\t\t\tmargin-left: 0;\n\t\t\t}\n\t\t\t\/* see gallery_shortcode() in wp-includes\/media.php *\/\n\t\t<\/style>\n\t\t<div id='gallery-5' class='gallery galleryid-13630 gallery-columns-3 gallery-size-medium'><dl class='gallery-item'>\n\t\t\t<dt class='gallery-icon landscape'>\n\t\t\t\t<a data-rel=\"iLightbox[postimages]\" data-title=\"nepismen\" data-caption=\"\" href='https:\/\/www.egss.si\/wp-content\/uploads\/2021\/10\/nepismen.jpg'><img decoding=\"async\" width=\"300\" height=\"300\" src=\"https:\/\/www.egss.si\/wp-content\/uploads\/2021\/10\/nepismen-300x300.jpg\" class=\"attachment-medium size-medium\" alt=\"\" srcset=\"https:\/\/www.egss.si\/wp-content\/uploads\/2021\/10\/nepismen-66x66.jpg 66w, https:\/\/www.egss.si\/wp-content\/uploads\/2021\/10\/nepismen-150x150.jpg 150w, https:\/\/www.egss.si\/wp-content\/uploads\/2021\/10\/nepismen-200x200.jpg 200w, https:\/\/www.egss.si\/wp-content\/uploads\/2021\/10\/nepismen-300x300.jpg 300w, https:\/\/www.egss.si\/wp-content\/uploads\/2021\/10\/nepismen-400x400.jpg 400w, https:\/\/www.egss.si\/wp-content\/uploads\/2021\/10\/nepismen-600x600.jpg 600w, https:\/\/www.egss.si\/wp-content\/uploads\/2021\/10\/nepismen-768x768.jpg 768w, https:\/\/www.egss.si\/wp-content\/uploads\/2021\/10\/nepismen-800x800.jpg 800w, https:\/\/www.egss.si\/wp-content\/uploads\/2021\/10\/nepismen.jpg 1024w\" sizes=\"(max-width: 300px) 100vw, 300px\" \/><\/a>\n\t\t\t<\/dt><\/dl>\n\t\t\t<br style='clear: both' \/>\n\t\t<\/div>\n\n<\/div><div class=\"fusion-sep-clear\"><\/div><div class=\"fusion-separator fusion-full-width-sep\" style=\"margin-left: auto;margin-right: auto;width:100%;\"><div class=\"fusion-separator-border sep-single\" style=\"--awb-height:20px;--awb-amount:20px;border-color:#e0dede;border-top-width:1px;\"><\/div><\/div><div class=\"fusion-sep-clear\"><\/div><div class=\"fusion-text fusion-text-17\"><h1>\u0160OLSKO LETO 2020\/21<\/h1>\n<\/div><div class=\"fusion-sep-clear\"><\/div><div class=\"fusion-separator fusion-full-width-sep\" style=\"margin-left: auto;margin-right: auto;width:100%;\"><div class=\"fusion-separator-border sep-single\" style=\"--awb-height:20px;--awb-amount:20px;border-color:#e0dede;border-top-width:1px;\"><\/div><\/div><div class=\"fusion-sep-clear\"><\/div><div class=\"fusion-text fusion-text-18\"><h1>12. 5. &#8211; svetovni dan medicinskih sester<\/h1>\n\n\t\t<style type=\"text\/css\">\n\t\t\t#gallery-6 {\n\t\t\t\tmargin: auto;\n\t\t\t}\n\t\t\t#gallery-6 .gallery-item {\n\t\t\t\tfloat: left;\n\t\t\t\tmargin-top: 10px;\n\t\t\t\ttext-align: center;\n\t\t\t\twidth: 33%;\n\t\t\t}\n\t\t\t#gallery-6 img {\n\t\t\t\tborder: 2px solid #cfcfcf;\n\t\t\t}\n\t\t\t#gallery-6 .gallery-caption {\n\t\t\t\tmargin-left: 0;\n\t\t\t}\n\t\t\t\/* see gallery_shortcode() in wp-includes\/media.php *\/\n\t\t<\/style>\n\t\t<div id='gallery-6' class='gallery galleryid-13630 gallery-columns-3 gallery-size-medium'><dl class='gallery-item'>\n\t\t\t<dt class='gallery-icon landscape'>\n\t\t\t\t<a data-rel=\"iLightbox[postimages]\" data-title=\"medicinske sestre\" data-caption=\"\" href='https:\/\/www.egss.si\/wp-content\/uploads\/2021\/05\/medicinske-sestre.jpg'><img decoding=\"async\" width=\"300\" height=\"300\" src=\"https:\/\/www.egss.si\/wp-content\/uploads\/2021\/05\/medicinske-sestre-300x300.jpg\" class=\"attachment-medium size-medium\" alt=\"\" srcset=\"https:\/\/www.egss.si\/wp-content\/uploads\/2021\/05\/medicinske-sestre-66x66.jpg 66w, https:\/\/www.egss.si\/wp-content\/uploads\/2021\/05\/medicinske-sestre-150x150.jpg 150w, https:\/\/www.egss.si\/wp-content\/uploads\/2021\/05\/medicinske-sestre-200x200.jpg 200w, https:\/\/www.egss.si\/wp-content\/uploads\/2021\/05\/medicinske-sestre-300x300.jpg 300w, https:\/\/www.egss.si\/wp-content\/uploads\/2021\/05\/medicinske-sestre-400x400.jpg 400w, https:\/\/www.egss.si\/wp-content\/uploads\/2021\/05\/medicinske-sestre-600x600.jpg 600w, https:\/\/www.egss.si\/wp-content\/uploads\/2021\/05\/medicinske-sestre-768x768.jpg 768w, https:\/\/www.egss.si\/wp-content\/uploads\/2021\/05\/medicinske-sestre-800x800.jpg 800w, https:\/\/www.egss.si\/wp-content\/uploads\/2021\/05\/medicinske-sestre-1024x1024.jpg 1024w, https:\/\/www.egss.si\/wp-content\/uploads\/2021\/05\/medicinske-sestre.jpg 1042w\" sizes=\"(max-width: 300px) 100vw, 300px\" \/><\/a>\n\t\t\t<\/dt><\/dl>\n\t\t\t<br style='clear: both' \/>\n\t\t<\/div>\n\n<\/div><div class=\"fusion-text fusion-text-19\"><h1>23. 4. &#8211; svetovni dan knjige in avtorskih pravic<\/h1>\n\n\t\t<style type=\"text\/css\">\n\t\t\t#gallery-7 {\n\t\t\t\tmargin: auto;\n\t\t\t}\n\t\t\t#gallery-7 .gallery-item {\n\t\t\t\tfloat: left;\n\t\t\t\tmargin-top: 10px;\n\t\t\t\ttext-align: center;\n\t\t\t\twidth: 33%;\n\t\t\t}\n\t\t\t#gallery-7 img {\n\t\t\t\tborder: 2px solid #cfcfcf;\n\t\t\t}\n\t\t\t#gallery-7 .gallery-caption {\n\t\t\t\tmargin-left: 0;\n\t\t\t}\n\t\t\t\/* see gallery_shortcode() in wp-includes\/media.php *\/\n\t\t<\/style>\n\t\t<div id='gallery-7' class='gallery galleryid-13630 gallery-columns-3 gallery-size-medium'><dl class='gallery-item'>\n\t\t\t<dt class='gallery-icon landscape'>\n\t\t\t\t<a data-rel=\"iLightbox[postimages]\" data-title=\"knjiga in avtorske pravice\" data-caption=\"\" href='https:\/\/www.egss.si\/wp-content\/uploads\/2021\/05\/knjiga-in-avtorske-pravice.jpg'><img decoding=\"async\" width=\"300\" height=\"300\" src=\"https:\/\/www.egss.si\/wp-content\/uploads\/2021\/05\/knjiga-in-avtorske-pravice-300x300.jpg\" class=\"attachment-medium size-medium\" alt=\"\" srcset=\"https:\/\/www.egss.si\/wp-content\/uploads\/2021\/05\/knjiga-in-avtorske-pravice-66x66.jpg 66w, https:\/\/www.egss.si\/wp-content\/uploads\/2021\/05\/knjiga-in-avtorske-pravice-150x150.jpg 150w, https:\/\/www.egss.si\/wp-content\/uploads\/2021\/05\/knjiga-in-avtorske-pravice-200x200.jpg 200w, https:\/\/www.egss.si\/wp-content\/uploads\/2021\/05\/knjiga-in-avtorske-pravice-300x300.jpg 300w, https:\/\/www.egss.si\/wp-content\/uploads\/2021\/05\/knjiga-in-avtorske-pravice-400x400.jpg 400w, https:\/\/www.egss.si\/wp-content\/uploads\/2021\/05\/knjiga-in-avtorske-pravice-600x600.jpg 600w, https:\/\/www.egss.si\/wp-content\/uploads\/2021\/05\/knjiga-in-avtorske-pravice-768x768.jpg 768w, https:\/\/www.egss.si\/wp-content\/uploads\/2021\/05\/knjiga-in-avtorske-pravice-800x800.jpg 800w, https:\/\/www.egss.si\/wp-content\/uploads\/2021\/05\/knjiga-in-avtorske-pravice-1024x1024.jpg 1024w, https:\/\/www.egss.si\/wp-content\/uploads\/2021\/05\/knjiga-in-avtorske-pravice.jpg 1042w\" sizes=\"(max-width: 300px) 100vw, 300px\" \/><\/a>\n\t\t\t<\/dt><\/dl>\n\t\t\t<br style='clear: both' \/>\n\t\t<\/div>\n\n<\/div><div class=\"fusion-text fusion-text-20\"><h1>22. 4. &#8211; svetovni dan Zemlje<\/h1>\n\n\t\t<style type=\"text\/css\">\n\t\t\t#gallery-8 {\n\t\t\t\tmargin: auto;\n\t\t\t}\n\t\t\t#gallery-8 .gallery-item {\n\t\t\t\tfloat: left;\n\t\t\t\tmargin-top: 10px;\n\t\t\t\ttext-align: center;\n\t\t\t\twidth: 33%;\n\t\t\t}\n\t\t\t#gallery-8 img {\n\t\t\t\tborder: 2px solid #cfcfcf;\n\t\t\t}\n\t\t\t#gallery-8 .gallery-caption {\n\t\t\t\tmargin-left: 0;\n\t\t\t}\n\t\t\t\/* see gallery_shortcode() in wp-includes\/media.php *\/\n\t\t<\/style>\n\t\t<div id='gallery-8' class='gallery galleryid-13630 gallery-columns-3 gallery-size-medium'><dl class='gallery-item'>\n\t\t\t<dt class='gallery-icon landscape'>\n\t\t\t\t<a data-rel=\"iLightbox[postimages]\" data-title=\"zemlja\" data-caption=\"\" href='https:\/\/www.egss.si\/wp-content\/uploads\/2021\/05\/zemlja.jpg'><img decoding=\"async\" width=\"300\" height=\"300\" src=\"https:\/\/www.egss.si\/wp-content\/uploads\/2021\/05\/zemlja-300x300.jpg\" class=\"attachment-medium size-medium\" alt=\"\" srcset=\"https:\/\/www.egss.si\/wp-content\/uploads\/2021\/05\/zemlja-66x66.jpg 66w, https:\/\/www.egss.si\/wp-content\/uploads\/2021\/05\/zemlja-150x150.jpg 150w, https:\/\/www.egss.si\/wp-content\/uploads\/2021\/05\/zemlja-200x200.jpg 200w, https:\/\/www.egss.si\/wp-content\/uploads\/2021\/05\/zemlja-300x300.jpg 300w, https:\/\/www.egss.si\/wp-content\/uploads\/2021\/05\/zemlja-400x400.jpg 400w, https:\/\/www.egss.si\/wp-content\/uploads\/2021\/05\/zemlja-600x600.jpg 600w, https:\/\/www.egss.si\/wp-content\/uploads\/2021\/05\/zemlja-768x768.jpg 768w, https:\/\/www.egss.si\/wp-content\/uploads\/2021\/05\/zemlja-800x800.jpg 800w, https:\/\/www.egss.si\/wp-content\/uploads\/2021\/05\/zemlja-1024x1024.jpg 1024w, https:\/\/www.egss.si\/wp-content\/uploads\/2021\/05\/zemlja.jpg 1042w\" sizes=\"(max-width: 300px) 100vw, 300px\" \/><\/a>\n\t\t\t<\/dt><\/dl>\n\t\t\t<br style='clear: both' \/>\n\t\t<\/div>\n\n<\/div><div class=\"fusion-text fusion-text-21\"><h1>12. 4. &#8211; svetovni dan lionizma<\/h1>\n\n\t\t<style type=\"text\/css\">\n\t\t\t#gallery-9 {\n\t\t\t\tmargin: auto;\n\t\t\t}\n\t\t\t#gallery-9 .gallery-item {\n\t\t\t\tfloat: left;\n\t\t\t\tmargin-top: 10px;\n\t\t\t\ttext-align: center;\n\t\t\t\twidth: 33%;\n\t\t\t}\n\t\t\t#gallery-9 img {\n\t\t\t\tborder: 2px solid #cfcfcf;\n\t\t\t}\n\t\t\t#gallery-9 .gallery-caption {\n\t\t\t\tmargin-left: 0;\n\t\t\t}\n\t\t\t\/* see gallery_shortcode() in wp-includes\/media.php *\/\n\t\t<\/style>\n\t\t<div id='gallery-9' class='gallery galleryid-13630 gallery-columns-3 gallery-size-medium'><dl class='gallery-item'>\n\t\t\t<dt class='gallery-icon landscape'>\n\t\t\t\t<a data-rel=\"iLightbox[postimages]\" data-title=\"lionizem\" data-caption=\"\" href='https:\/\/www.egss.si\/wp-content\/uploads\/2021\/04\/lionizem.jpg'><img decoding=\"async\" width=\"300\" height=\"300\" src=\"https:\/\/www.egss.si\/wp-content\/uploads\/2021\/04\/lionizem-300x300.jpg\" class=\"attachment-medium size-medium\" alt=\"\" srcset=\"https:\/\/www.egss.si\/wp-content\/uploads\/2021\/04\/lionizem-66x66.jpg 66w, https:\/\/www.egss.si\/wp-content\/uploads\/2021\/04\/lionizem-150x150.jpg 150w, https:\/\/www.egss.si\/wp-content\/uploads\/2021\/04\/lionizem-200x200.jpg 200w, https:\/\/www.egss.si\/wp-content\/uploads\/2021\/04\/lionizem-300x300.jpg 300w, https:\/\/www.egss.si\/wp-content\/uploads\/2021\/04\/lionizem-400x400.jpg 400w, https:\/\/www.egss.si\/wp-content\/uploads\/2021\/04\/lionizem-600x600.jpg 600w, https:\/\/www.egss.si\/wp-content\/uploads\/2021\/04\/lionizem-768x768.jpg 768w, https:\/\/www.egss.si\/wp-content\/uploads\/2021\/04\/lionizem-800x800.jpg 800w, https:\/\/www.egss.si\/wp-content\/uploads\/2021\/04\/lionizem.jpg 1024w\" sizes=\"(max-width: 300px) 100vw, 300px\" \/><\/a>\n\t\t\t<\/dt><\/dl>\n\t\t\t<br style='clear: both' \/>\n\t\t<\/div>\n\n<\/div><div class=\"fusion-text fusion-text-22\"><h1>2. 4. &#8211; svetovni dan mladinske knji\u017eevnosti<\/h1>\n\n\t\t<style type=\"text\/css\">\n\t\t\t#gallery-10 {\n\t\t\t\tmargin: auto;\n\t\t\t}\n\t\t\t#gallery-10 .gallery-item {\n\t\t\t\tfloat: left;\n\t\t\t\tmargin-top: 10px;\n\t\t\t\ttext-align: center;\n\t\t\t\twidth: 33%;\n\t\t\t}\n\t\t\t#gallery-10 img {\n\t\t\t\tborder: 2px solid #cfcfcf;\n\t\t\t}\n\t\t\t#gallery-10 .gallery-caption {\n\t\t\t\tmargin-left: 0;\n\t\t\t}\n\t\t\t\/* see gallery_shortcode() in wp-includes\/media.php *\/\n\t\t<\/style>\n\t\t<div id='gallery-10' class='gallery galleryid-13630 gallery-columns-3 gallery-size-medium'><dl class='gallery-item'>\n\t\t\t<dt class='gallery-icon landscape'>\n\t\t\t\t<a data-rel=\"iLightbox[postimages]\" data-title=\"Svetovni_dan_mladinske_knjizevnosti\" data-caption=\"\" href='https:\/\/www.egss.si\/wp-content\/uploads\/2021\/04\/Svetovni_dan_mladinske_knjizevnosti.jpg'><img decoding=\"async\" width=\"300\" height=\"300\" src=\"https:\/\/www.egss.si\/wp-content\/uploads\/2021\/04\/Svetovni_dan_mladinske_knjizevnosti-300x300.jpg\" class=\"attachment-medium size-medium\" alt=\"\" srcset=\"https:\/\/www.egss.si\/wp-content\/uploads\/2021\/04\/Svetovni_dan_mladinske_knjizevnosti-66x66.jpg 66w, https:\/\/www.egss.si\/wp-content\/uploads\/2021\/04\/Svetovni_dan_mladinske_knjizevnosti-150x150.jpg 150w, https:\/\/www.egss.si\/wp-content\/uploads\/2021\/04\/Svetovni_dan_mladinske_knjizevnosti-200x200.jpg 200w, https:\/\/www.egss.si\/wp-content\/uploads\/2021\/04\/Svetovni_dan_mladinske_knjizevnosti-300x300.jpg 300w, https:\/\/www.egss.si\/wp-content\/uploads\/2021\/04\/Svetovni_dan_mladinske_knjizevnosti-400x400.jpg 400w, https:\/\/www.egss.si\/wp-content\/uploads\/2021\/04\/Svetovni_dan_mladinske_knjizevnosti-600x600.jpg 600w, https:\/\/www.egss.si\/wp-content\/uploads\/2021\/04\/Svetovni_dan_mladinske_knjizevnosti-768x768.jpg 768w, https:\/\/www.egss.si\/wp-content\/uploads\/2021\/04\/Svetovni_dan_mladinske_knjizevnosti-800x800.jpg 800w, https:\/\/www.egss.si\/wp-content\/uploads\/2021\/04\/Svetovni_dan_mladinske_knjizevnosti-1024x1024.jpg 1024w, https:\/\/www.egss.si\/wp-content\/uploads\/2021\/04\/Svetovni_dan_mladinske_knjizevnosti.jpg 1042w\" sizes=\"(max-width: 300px) 100vw, 300px\" \/><\/a>\n\t\t\t<\/dt><\/dl>\n\t\t\t<br style='clear: both' \/>\n\t\t<\/div>\n\n<\/div><div class=\"fusion-text fusion-text-23\"><h1>25. 3. &#8211; materinski dan<\/h1>\n\n\t\t<style type=\"text\/css\">\n\t\t\t#gallery-11 {\n\t\t\t\tmargin: auto;\n\t\t\t}\n\t\t\t#gallery-11 .gallery-item {\n\t\t\t\tfloat: left;\n\t\t\t\tmargin-top: 10px;\n\t\t\t\ttext-align: center;\n\t\t\t\twidth: 33%;\n\t\t\t}\n\t\t\t#gallery-11 img {\n\t\t\t\tborder: 2px solid #cfcfcf;\n\t\t\t}\n\t\t\t#gallery-11 .gallery-caption {\n\t\t\t\tmargin-left: 0;\n\t\t\t}\n\t\t\t\/* see gallery_shortcode() in wp-includes\/media.php *\/\n\t\t<\/style>\n\t\t<div id='gallery-11' class='gallery galleryid-13630 gallery-columns-3 gallery-size-medium'><dl class='gallery-item'>\n\t\t\t<dt class='gallery-icon landscape'>\n\t\t\t\t<a data-rel=\"iLightbox[postimages]\" data-title=\"materinski_dan\" data-caption=\"\" href='https:\/\/www.egss.si\/wp-content\/uploads\/2021\/03\/materinski_dan-1.jpg'><img decoding=\"async\" width=\"300\" height=\"300\" src=\"https:\/\/www.egss.si\/wp-content\/uploads\/2021\/03\/materinski_dan-1-300x300.jpg\" class=\"attachment-medium size-medium\" alt=\"\" srcset=\"https:\/\/www.egss.si\/wp-content\/uploads\/2021\/03\/materinski_dan-1-66x66.jpg 66w, https:\/\/www.egss.si\/wp-content\/uploads\/2021\/03\/materinski_dan-1-150x150.jpg 150w, https:\/\/www.egss.si\/wp-content\/uploads\/2021\/03\/materinski_dan-1-200x200.jpg 200w, https:\/\/www.egss.si\/wp-content\/uploads\/2021\/03\/materinski_dan-1-300x300.jpg 300w, https:\/\/www.egss.si\/wp-content\/uploads\/2021\/03\/materinski_dan-1-400x400.jpg 400w, https:\/\/www.egss.si\/wp-content\/uploads\/2021\/03\/materinski_dan-1-600x600.jpg 600w, https:\/\/www.egss.si\/wp-content\/uploads\/2021\/03\/materinski_dan-1-768x768.jpg 768w, https:\/\/www.egss.si\/wp-content\/uploads\/2021\/03\/materinski_dan-1-800x800.jpg 800w, https:\/\/www.egss.si\/wp-content\/uploads\/2021\/03\/materinski_dan-1-1024x1024.jpg 1024w, https:\/\/www.egss.si\/wp-content\/uploads\/2021\/03\/materinski_dan-1.jpg 1042w\" sizes=\"(max-width: 300px) 100vw, 300px\" \/><\/a>\n\t\t\t<\/dt><\/dl>\n\t\t\t<br style='clear: both' \/>\n\t\t<\/div>\n\n<\/div><div class=\"fusion-text fusion-text-24\"><h1>22. 3. &#8211; svetovni dan vode<\/h1>\n\n\t\t<style type=\"text\/css\">\n\t\t\t#gallery-12 {\n\t\t\t\tmargin: auto;\n\t\t\t}\n\t\t\t#gallery-12 .gallery-item {\n\t\t\t\tfloat: left;\n\t\t\t\tmargin-top: 10px;\n\t\t\t\ttext-align: center;\n\t\t\t\twidth: 33%;\n\t\t\t}\n\t\t\t#gallery-12 img {\n\t\t\t\tborder: 2px solid #cfcfcf;\n\t\t\t}\n\t\t\t#gallery-12 .gallery-caption {\n\t\t\t\tmargin-left: 0;\n\t\t\t}\n\t\t\t\/* see gallery_shortcode() in wp-includes\/media.php *\/\n\t\t<\/style>\n\t\t<div id='gallery-12' class='gallery galleryid-13630 gallery-columns-3 gallery-size-medium'><dl class='gallery-item'>\n\t\t\t<dt class='gallery-icon landscape'>\n\t\t\t\t<a data-rel=\"iLightbox[postimages]\" data-title=\"voda\" data-caption=\"\" href='https:\/\/www.egss.si\/wp-content\/uploads\/2021\/04\/voda.jpg'><img decoding=\"async\" width=\"300\" height=\"300\" src=\"https:\/\/www.egss.si\/wp-content\/uploads\/2021\/04\/voda-300x300.jpg\" class=\"attachment-medium size-medium\" alt=\"\" srcset=\"https:\/\/www.egss.si\/wp-content\/uploads\/2021\/04\/voda-66x66.jpg 66w, https:\/\/www.egss.si\/wp-content\/uploads\/2021\/04\/voda-150x150.jpg 150w, https:\/\/www.egss.si\/wp-content\/uploads\/2021\/04\/voda-200x200.jpg 200w, https:\/\/www.egss.si\/wp-content\/uploads\/2021\/04\/voda-300x300.jpg 300w, https:\/\/www.egss.si\/wp-content\/uploads\/2021\/04\/voda-400x400.jpg 400w, https:\/\/www.egss.si\/wp-content\/uploads\/2021\/04\/voda-600x600.jpg 600w, https:\/\/www.egss.si\/wp-content\/uploads\/2021\/04\/voda-768x768.jpg 768w, https:\/\/www.egss.si\/wp-content\/uploads\/2021\/04\/voda-800x800.jpg 800w, https:\/\/www.egss.si\/wp-content\/uploads\/2021\/04\/voda.jpg 1024w\" sizes=\"(max-width: 300px) 100vw, 300px\" \/><\/a>\n\t\t\t<\/dt><\/dl>\n\t\t\t<br style='clear: both' \/>\n\t\t<\/div>\n\n<\/div><div class=\"fusion-text fusion-text-25\"><h1>21. 3. &#8211; svetovni dan boja proti rasni diskriminaciji, poezije in lutkarjev<\/h1>\n\n\t\t<style type=\"text\/css\">\n\t\t\t#gallery-13 {\n\t\t\t\tmargin: auto;\n\t\t\t}\n\t\t\t#gallery-13 .gallery-item {\n\t\t\t\tfloat: left;\n\t\t\t\tmargin-top: 10px;\n\t\t\t\ttext-align: center;\n\t\t\t\twidth: 33%;\n\t\t\t}\n\t\t\t#gallery-13 img {\n\t\t\t\tborder: 2px solid #cfcfcf;\n\t\t\t}\n\t\t\t#gallery-13 .gallery-caption {\n\t\t\t\tmargin-left: 0;\n\t\t\t}\n\t\t\t\/* see gallery_shortcode() in wp-includes\/media.php *\/\n\t\t<\/style>\n\t\t<div id='gallery-13' class='gallery galleryid-13630 gallery-columns-3 gallery-size-medium'><dl class='gallery-item'>\n\t\t\t<dt class='gallery-icon landscape'>\n\t\t\t\t<a data-rel=\"iLightbox[postimages]\" data-title=\"rasna_diskriminacija\" data-caption=\"\" href='https:\/\/www.egss.si\/wp-content\/uploads\/2021\/03\/rasna_diskriminacija.jpg'><img decoding=\"async\" width=\"300\" height=\"300\" src=\"https:\/\/www.egss.si\/wp-content\/uploads\/2021\/03\/rasna_diskriminacija-300x300.jpg\" class=\"attachment-medium size-medium\" alt=\"\" srcset=\"https:\/\/www.egss.si\/wp-content\/uploads\/2021\/03\/rasna_diskriminacija-66x66.jpg 66w, https:\/\/www.egss.si\/wp-content\/uploads\/2021\/03\/rasna_diskriminacija-150x150.jpg 150w, https:\/\/www.egss.si\/wp-content\/uploads\/2021\/03\/rasna_diskriminacija-200x200.jpg 200w, https:\/\/www.egss.si\/wp-content\/uploads\/2021\/03\/rasna_diskriminacija-300x300.jpg 300w, https:\/\/www.egss.si\/wp-content\/uploads\/2021\/03\/rasna_diskriminacija-400x400.jpg 400w, https:\/\/www.egss.si\/wp-content\/uploads\/2021\/03\/rasna_diskriminacija-600x600.jpg 600w, https:\/\/www.egss.si\/wp-content\/uploads\/2021\/03\/rasna_diskriminacija-768x768.jpg 768w, https:\/\/www.egss.si\/wp-content\/uploads\/2021\/03\/rasna_diskriminacija-800x800.jpg 800w, https:\/\/www.egss.si\/wp-content\/uploads\/2021\/03\/rasna_diskriminacija-1024x1024.jpg 1024w, https:\/\/www.egss.si\/wp-content\/uploads\/2021\/03\/rasna_diskriminacija.jpg 1042w\" sizes=\"(max-width: 300px) 100vw, 300px\" \/><\/a>\n\t\t\t<\/dt><\/dl><dl class='gallery-item'>\n\t\t\t<dt class='gallery-icon landscape'>\n\t\t\t\t<a data-rel=\"iLightbox[postimages]\" data-title=\"poezija\" data-caption=\"\" href='https:\/\/www.egss.si\/wp-content\/uploads\/2021\/03\/poezija.jpg'><img decoding=\"async\" width=\"300\" height=\"300\" src=\"https:\/\/www.egss.si\/wp-content\/uploads\/2021\/03\/poezija-300x300.jpg\" class=\"attachment-medium size-medium\" alt=\"\" srcset=\"https:\/\/www.egss.si\/wp-content\/uploads\/2021\/03\/poezija-66x66.jpg 66w, https:\/\/www.egss.si\/wp-content\/uploads\/2021\/03\/poezija-150x150.jpg 150w, https:\/\/www.egss.si\/wp-content\/uploads\/2021\/03\/poezija-200x200.jpg 200w, https:\/\/www.egss.si\/wp-content\/uploads\/2021\/03\/poezija-300x300.jpg 300w, https:\/\/www.egss.si\/wp-content\/uploads\/2021\/03\/poezija-400x400.jpg 400w, https:\/\/www.egss.si\/wp-content\/uploads\/2021\/03\/poezija-600x600.jpg 600w, https:\/\/www.egss.si\/wp-content\/uploads\/2021\/03\/poezija-768x768.jpg 768w, https:\/\/www.egss.si\/wp-content\/uploads\/2021\/03\/poezija-800x800.jpg 800w, https:\/\/www.egss.si\/wp-content\/uploads\/2021\/03\/poezija-1024x1024.jpg 1024w, https:\/\/www.egss.si\/wp-content\/uploads\/2021\/03\/poezija.jpg 1042w\" sizes=\"(max-width: 300px) 100vw, 300px\" \/><\/a>\n\t\t\t<\/dt><\/dl><dl class='gallery-item'>\n\t\t\t<dt class='gallery-icon landscape'>\n\t\t\t\t<a data-rel=\"iLightbox[postimages]\" data-title=\"lutkarji\" data-caption=\"\" href='https:\/\/www.egss.si\/wp-content\/uploads\/2021\/03\/lutkarji.jpg'><img decoding=\"async\" width=\"300\" height=\"300\" src=\"https:\/\/www.egss.si\/wp-content\/uploads\/2021\/03\/lutkarji-300x300.jpg\" class=\"attachment-medium size-medium\" alt=\"\" srcset=\"https:\/\/www.egss.si\/wp-content\/uploads\/2021\/03\/lutkarji-66x66.jpg 66w, https:\/\/www.egss.si\/wp-content\/uploads\/2021\/03\/lutkarji-150x150.jpg 150w, https:\/\/www.egss.si\/wp-content\/uploads\/2021\/03\/lutkarji-200x200.jpg 200w, https:\/\/www.egss.si\/wp-content\/uploads\/2021\/03\/lutkarji-300x300.jpg 300w, https:\/\/www.egss.si\/wp-content\/uploads\/2021\/03\/lutkarji-400x400.jpg 400w, https:\/\/www.egss.si\/wp-content\/uploads\/2021\/03\/lutkarji-600x600.jpg 600w, https:\/\/www.egss.si\/wp-content\/uploads\/2021\/03\/lutkarji-768x768.jpg 768w, https:\/\/www.egss.si\/wp-content\/uploads\/2021\/03\/lutkarji-800x800.jpg 800w, https:\/\/www.egss.si\/wp-content\/uploads\/2021\/03\/lutkarji-1024x1024.jpg 1024w, https:\/\/www.egss.si\/wp-content\/uploads\/2021\/03\/lutkarji.jpg 1042w\" sizes=\"(max-width: 300px) 100vw, 300px\" \/><\/a>\n\t\t\t<\/dt><\/dl><br style=\"clear: both\" \/>\n\t\t<\/div>\n\n<\/div><div class=\"fusion-text fusion-text-26\"><h1>19. 3. &#8211; svetovni dan pripovedni\u0161tva<\/h1>\n\n\t\t<style type=\"text\/css\">\n\t\t\t#gallery-14 {\n\t\t\t\tmargin: auto;\n\t\t\t}\n\t\t\t#gallery-14 .gallery-item {\n\t\t\t\tfloat: left;\n\t\t\t\tmargin-top: 10px;\n\t\t\t\ttext-align: center;\n\t\t\t\twidth: 33%;\n\t\t\t}\n\t\t\t#gallery-14 img {\n\t\t\t\tborder: 2px solid #cfcfcf;\n\t\t\t}\n\t\t\t#gallery-14 .gallery-caption {\n\t\t\t\tmargin-left: 0;\n\t\t\t}\n\t\t\t\/* see gallery_shortcode() in wp-includes\/media.php *\/\n\t\t<\/style>\n\t\t<div id='gallery-14' class='gallery galleryid-13630 gallery-columns-3 gallery-size-medium'><dl class='gallery-item'>\n\t\t\t<dt class='gallery-icon landscape'>\n\t\t\t\t<a data-rel=\"iLightbox[postimages]\" data-title=\"pripovednistvo\" data-caption=\"\" href='https:\/\/www.egss.si\/wp-content\/uploads\/2021\/03\/pripovednistvo.jpg'><img decoding=\"async\" width=\"300\" height=\"300\" src=\"https:\/\/www.egss.si\/wp-content\/uploads\/2021\/03\/pripovednistvo-300x300.jpg\" class=\"attachment-medium size-medium\" alt=\"\" srcset=\"https:\/\/www.egss.si\/wp-content\/uploads\/2021\/03\/pripovednistvo-66x66.jpg 66w, https:\/\/www.egss.si\/wp-content\/uploads\/2021\/03\/pripovednistvo-150x150.jpg 150w, https:\/\/www.egss.si\/wp-content\/uploads\/2021\/03\/pripovednistvo-200x200.jpg 200w, https:\/\/www.egss.si\/wp-content\/uploads\/2021\/03\/pripovednistvo-300x300.jpg 300w, https:\/\/www.egss.si\/wp-content\/uploads\/2021\/03\/pripovednistvo-400x400.jpg 400w, https:\/\/www.egss.si\/wp-content\/uploads\/2021\/03\/pripovednistvo-600x600.jpg 600w, https:\/\/www.egss.si\/wp-content\/uploads\/2021\/03\/pripovednistvo-768x768.jpg 768w, https:\/\/www.egss.si\/wp-content\/uploads\/2021\/03\/pripovednistvo-800x800.jpg 800w, https:\/\/www.egss.si\/wp-content\/uploads\/2021\/03\/pripovednistvo-1024x1024.jpg 1024w, https:\/\/www.egss.si\/wp-content\/uploads\/2021\/03\/pripovednistvo.jpg 1042w\" sizes=\"(max-width: 300px) 100vw, 300px\" \/><\/a>\n\t\t\t<\/dt><\/dl>\n\t\t\t<br style='clear: both' \/>\n\t\t<\/div>\n\n<\/div><div class=\"fusion-text fusion-text-27\"><h1>8. 3. &#8211; dan \u017eena<\/h1>\n<p>Vesel dan \u017eena!<\/p>\n\n\t\t<style type=\"text\/css\">\n\t\t\t#gallery-15 {\n\t\t\t\tmargin: auto;\n\t\t\t}\n\t\t\t#gallery-15 .gallery-item {\n\t\t\t\tfloat: left;\n\t\t\t\tmargin-top: 10px;\n\t\t\t\ttext-align: center;\n\t\t\t\twidth: 33%;\n\t\t\t}\n\t\t\t#gallery-15 img {\n\t\t\t\tborder: 2px solid #cfcfcf;\n\t\t\t}\n\t\t\t#gallery-15 .gallery-caption {\n\t\t\t\tmargin-left: 0;\n\t\t\t}\n\t\t\t\/* see gallery_shortcode() in wp-includes\/media.php *\/\n\t\t<\/style>\n\t\t<div id='gallery-15' class='gallery galleryid-13630 gallery-columns-3 gallery-size-medium'><dl class='gallery-item'>\n\t\t\t<dt class='gallery-icon landscape'>\n\t\t\t\t<a data-rel=\"iLightbox[postimages]\" data-title=\"dan_zena\" data-caption=\"\" href='https:\/\/www.egss.si\/wp-content\/uploads\/2021\/03\/dan_zena.jpg'><img decoding=\"async\" width=\"300\" height=\"300\" src=\"https:\/\/www.egss.si\/wp-content\/uploads\/2021\/03\/dan_zena-300x300.jpg\" class=\"attachment-medium size-medium\" alt=\"\" srcset=\"https:\/\/www.egss.si\/wp-content\/uploads\/2021\/03\/dan_zena-66x66.jpg 66w, https:\/\/www.egss.si\/wp-content\/uploads\/2021\/03\/dan_zena-150x150.jpg 150w, https:\/\/www.egss.si\/wp-content\/uploads\/2021\/03\/dan_zena-200x200.jpg 200w, https:\/\/www.egss.si\/wp-content\/uploads\/2021\/03\/dan_zena-300x300.jpg 300w, https:\/\/www.egss.si\/wp-content\/uploads\/2021\/03\/dan_zena-400x400.jpg 400w, https:\/\/www.egss.si\/wp-content\/uploads\/2021\/03\/dan_zena-600x600.jpg 600w, https:\/\/www.egss.si\/wp-content\/uploads\/2021\/03\/dan_zena-768x768.jpg 768w, https:\/\/www.egss.si\/wp-content\/uploads\/2021\/03\/dan_zena-800x800.jpg 800w, https:\/\/www.egss.si\/wp-content\/uploads\/2021\/03\/dan_zena-1024x1024.jpg 1024w, https:\/\/www.egss.si\/wp-content\/uploads\/2021\/03\/dan_zena-1200x1200.jpg 1200w, https:\/\/www.egss.si\/wp-content\/uploads\/2021\/03\/dan_zena-1536x1536.jpg 1536w\" sizes=\"(max-width: 300px) 100vw, 300px\" \/><\/a>\n\t\t\t<\/dt><\/dl>\n\t\t\t<br style='clear: both' \/>\n\t\t<\/div>\n\n<\/div><div class=\"fusion-text fusion-text-28\"><h1>Manca Japelj<\/h1>\n<p>Manca Japelj, dijakinja 2. letnika EGS\u0160, smer ekonomska gimnazija, je mlada pisateljica, ki je \u017ee izdala svojo kratko zgodbo. Love aid je iz\u0161la v knjigi Razlito \u010drnilo, ki je nastala pod mentorstvom pisateljice in predavateljice Nine Kosma\u010d.<\/p>\n<p>Vabimo vas k branju njenih kratkih zgodb.<\/p>\n<p><a href=\"https:\/\/www.egss.si\/wp-content\/uploads\/2021\/02\/Trojanski-konj.pdf\" target=\"_blank\" rel=\"noopener\"><i class=\"fb-icon-element-1 fb-icon-element fontawesome-icon fa-chess-knight fas circle-yes fusion-text-flow\" style=\"--awb-circlebordersize:1px;--awb-font-size:28.16px;--awb-width:56.32px;--awb-height:56.32px;--awb-line-height:54.32px;--awb-margin-right:16px;\"><\/i>Trojanski konj<\/a><\/p>\n<p><a href=\"https:\/\/www.egss.si\/wp-content\/uploads\/2021\/02\/Kri.pdf\" target=\"_blank\" rel=\"noopener\"><i class=\"fb-icon-element-2 fb-icon-element fontawesome-icon fa-tint fas circle-yes fusion-text-flow\" style=\"--awb-circlebordersize:1px;--awb-font-size:28.16px;--awb-width:56.32px;--awb-height:56.32px;--awb-line-height:54.32px;--awb-margin-right:16px;\"><\/i>Kri<\/a><\/p>\n<p><a href=\"https:\/\/www.egss.si\/wp-content\/uploads\/2021\/02\/Osmrtnica.pdf\" target=\"_blank\" rel=\"noopener\"><i class=\"fb-icon-element-3 fb-icon-element fontawesome-icon fa-cross fas circle-yes fusion-text-flow\" style=\"--awb-circlebordersize:1px;--awb-font-size:28.16px;--awb-width:56.32px;--awb-height:56.32px;--awb-line-height:54.32px;--awb-margin-right:16px;\"><\/i>Osmrtnica<\/a><\/p>\n<p><a href=\"https:\/\/www.egss.si\/wp-content\/uploads\/2021\/02\/Moje-zivljenje.pdf\" target=\"_blank\" rel=\"noopener\"><i class=\"fb-icon-element-4 fb-icon-element fontawesome-icon fa-heartbeat fas circle-yes fusion-text-flow\" style=\"--awb-circlebordersize:1px;--awb-font-size:28.16px;--awb-width:56.32px;--awb-height:56.32px;--awb-line-height:54.32px;--awb-margin-right:16px;\"><\/i>Moje \u017eivljenje<\/a><\/p>\n<\/div><div class=\"fusion-sep-clear\"><\/div><div class=\"fusion-separator fusion-full-width-sep\" style=\"margin-left: auto;margin-right: auto;width:100%;\"><div class=\"fusion-separator-border sep-single\" style=\"--awb-height:20px;--awb-amount:20px;border-color:#e0dede;border-top-width:1px;\"><\/div><\/div><div class=\"fusion-sep-clear\"><\/div><div class=\"fusion-text fusion-text-29\"><h1>\u0160OLSKO LETO 2019\/20<\/h1>\n<\/div><div class=\"fusion-sep-clear\"><\/div><div class=\"fusion-separator fusion-full-width-sep\" style=\"margin-left: auto;margin-right: auto;width:100%;\"><div class=\"fusion-separator-border sep-single\" style=\"--awb-height:20px;--awb-amount:20px;border-color:#e0dede;border-top-width:1px;\"><\/div><\/div><div class=\"fusion-sep-clear\"><\/div><div class=\"fusion-text fusion-text-30\"><h1>Pesni\u0161ka zbirka Nemir<\/h1>\n<p>Vsako \u0161olsko leto pod mentorstvom profesoric Lidije Brezav\u0161\u010dek in Sabine Mevlje na \u0161oli izdamo dija\u0161ko pesni\u0161ko zbirko Nemir. Zbirka je kljub \u0161olanju na daljavo iz\u0161la tudi konec \u0161olskega leta 2019\/20, v sklopu TVU pa smo jo oktobra predstavili dijakom 1. g razreda.<\/p>\n<p>Ve\u010dino pesmi je prispevala Nina Zrim\u0161ek, ki je svoj pesni\u0161ki talent dokazala \u017ee v lanski izdaji Nemira. Sve\u017ee in raznolike pesmi pa so prispevali tudi nekateri drugi mladi avtorji, Ana Marija Rutar, Jo\u0161t Klan\u010dar, Jerneja Sodja in Mina Ko\u0161ar.<\/p>\n<p>Nemir je bogato ilustrirala, uredila in oblikovala dijakinja Manja \u010cepelnik.<\/p>\n<p>Za jezikovni pregled je poskrbela Ana Hlebanja.<\/p>\n<p>Vabljeni k branju pesni\u0161ke zbirke Nemir!<\/p>\n\n\t\t<style type=\"text\/css\">\n\t\t\t#gallery-16 {\n\t\t\t\tmargin: auto;\n\t\t\t}\n\t\t\t#gallery-16 .gallery-item {\n\t\t\t\tfloat: left;\n\t\t\t\tmargin-top: 10px;\n\t\t\t\ttext-align: center;\n\t\t\t\twidth: 50%;\n\t\t\t}\n\t\t\t#gallery-16 img {\n\t\t\t\tborder: 2px solid #cfcfcf;\n\t\t\t}\n\t\t\t#gallery-16 .gallery-caption {\n\t\t\t\tmargin-left: 0;\n\t\t\t}\n\t\t\t\/* see gallery_shortcode() in wp-includes\/media.php *\/\n\t\t<\/style>\n\t\t<div id='gallery-16' class='gallery galleryid-13630 gallery-columns-2 gallery-size-fusion-400'><dl class='gallery-item'>\n\t\t\t<dt class='gallery-icon landscape'>\n\t\t\t\t<a data-rel=\"iLightbox[postimages]\" data-title=\"Pesniska_zbirka_2\" data-caption=\"\" href='https:\/\/www.egss.si\/wp-content\/uploads\/2020\/09\/Pesniska_zbirka_2-scaled.jpg'><img decoding=\"async\" width=\"400\" height=\"300\" src=\"https:\/\/www.egss.si\/wp-content\/uploads\/2020\/09\/Pesniska_zbirka_2-400x300.jpg\" class=\"attachment-fusion-400 size-fusion-400\" alt=\"\" srcset=\"https:\/\/www.egss.si\/wp-content\/uploads\/2020\/09\/Pesniska_zbirka_2-200x150.jpg 200w, https:\/\/www.egss.si\/wp-content\/uploads\/2020\/09\/Pesniska_zbirka_2-300x225.jpg 300w, https:\/\/www.egss.si\/wp-content\/uploads\/2020\/09\/Pesniska_zbirka_2-400x300.jpg 400w, https:\/\/www.egss.si\/wp-content\/uploads\/2020\/09\/Pesniska_zbirka_2-600x450.jpg 600w, https:\/\/www.egss.si\/wp-content\/uploads\/2020\/09\/Pesniska_zbirka_2-768x576.jpg 768w, https:\/\/www.egss.si\/wp-content\/uploads\/2020\/09\/Pesniska_zbirka_2-800x600.jpg 800w, https:\/\/www.egss.si\/wp-content\/uploads\/2020\/09\/Pesniska_zbirka_2-1024x768.jpg 1024w, https:\/\/www.egss.si\/wp-content\/uploads\/2020\/09\/Pesniska_zbirka_2-1200x900.jpg 1200w, https:\/\/www.egss.si\/wp-content\/uploads\/2020\/09\/Pesniska_zbirka_2-1536x1152.jpg 1536w\" sizes=\"(max-width: 400px) 100vw, 400px\" \/><\/a>\n\t\t\t<\/dt><\/dl><dl class='gallery-item'>\n\t\t\t<dt class='gallery-icon landscape'>\n\t\t\t\t<a data-rel=\"iLightbox[postimages]\" data-title=\"Pesniska_zbirka_1\" data-caption=\"\" href='https:\/\/www.egss.si\/wp-content\/uploads\/2020\/09\/Pesniska_zbirka_1-scaled.jpg'><img decoding=\"async\" width=\"400\" height=\"300\" src=\"https:\/\/www.egss.si\/wp-content\/uploads\/2020\/09\/Pesniska_zbirka_1-400x300.jpg\" class=\"attachment-fusion-400 size-fusion-400\" alt=\"\" srcset=\"https:\/\/www.egss.si\/wp-content\/uploads\/2020\/09\/Pesniska_zbirka_1-200x150.jpg 200w, https:\/\/www.egss.si\/wp-content\/uploads\/2020\/09\/Pesniska_zbirka_1-300x225.jpg 300w, https:\/\/www.egss.si\/wp-content\/uploads\/2020\/09\/Pesniska_zbirka_1-400x300.jpg 400w, https:\/\/www.egss.si\/wp-content\/uploads\/2020\/09\/Pesniska_zbirka_1-600x450.jpg 600w, https:\/\/www.egss.si\/wp-content\/uploads\/2020\/09\/Pesniska_zbirka_1-768x576.jpg 768w, https:\/\/www.egss.si\/wp-content\/uploads\/2020\/09\/Pesniska_zbirka_1-800x600.jpg 800w, https:\/\/www.egss.si\/wp-content\/uploads\/2020\/09\/Pesniska_zbirka_1-1024x768.jpg 1024w, https:\/\/www.egss.si\/wp-content\/uploads\/2020\/09\/Pesniska_zbirka_1-1200x900.jpg 1200w, https:\/\/www.egss.si\/wp-content\/uploads\/2020\/09\/Pesniska_zbirka_1-1536x1152.jpg 1536w\" sizes=\"(max-width: 400px) 100vw, 400px\" \/><\/a>\n\t\t\t<\/dt><\/dl><br style=\"clear: both\" \/>\n\t\t<\/div>\n\n<div id=\"gallery-1\" class=\"gallery galleryid-18587 gallery-columns-3 gallery-size-fusion-400\"><\/div>\n<\/div><div class=\"fusion-sep-clear\"><\/div><div class=\"fusion-separator fusion-full-width-sep\" style=\"margin-left: auto;margin-right: auto;width:100%;\"><div class=\"fusion-separator-border sep-single\" style=\"--awb-height:20px;--awb-amount:20px;border-color:#e0dede;border-top-width:1px;\"><\/div><\/div><div class=\"fusion-sep-clear\"><\/div><div class=\"fusion-text fusion-text-31\"><h1>Pesni\u0161ki nate\u010daj mala Veronika<\/h1>\n<p>Laura Papler Slana iz\u00a04. g je med petimi uvr\u0161\u010denimi po izboru strokovne \u017eirije.<\/p>\n<p>Letos je \u010detrti\u010d zapored potekal pesni\u0161ki nate\u010daj za srednje\u0161olce mala Veronika. Na nate\u010daj za malo Veroniko 2019 je prispelo 37 pesmi slovenskih srednjih \u0161ol. Najve\u010d sodelujo\u010dih \u0161ol prihaja iz Osrednjeslovenske in Savinjske regije, iz vsake po osem \u0161ol. Sledita Podravska in Pomurska regija, iz vsake sodelujejo \u0161tiri \u0161ole, po tri \u0161ole sodelujejo iz Gorenjske, Jugovzhodne, Primorsko-notranjske in Obalno-kra\u0161ke regije. Ena sodelujo\u010da \u0161ola prihaja iz Gori\u0161ke regije.<\/p>\n<p>Med vsemi prispelimi pesmimi je strokovna \u017eirija v sestavi dr. Zoran Pevec (predsednik), Tonja Jelen (pesnica in profesorica sloven\u0161\u010dine) in Ale\u0161 Jelenko (magister mened\u017ementa, pesnik, prozaist in esejist) izbrala pet nominiranih pesmi, neodvisno od odlo\u010ditve \u017eirije pa je na spletni strani www.veronikini-veceri.si med 29. 3. 2019 od 9. ure in 25. 4. 2019 do 15. ure potekalo spletno glasovanje, kjer je lahko vsak oddal svoj glas za izbrano pesem. Vsak je lahko svoj glas posamezni pesmi oddal enkrat, glasoval pa je lahko za ve\u010d razli\u010dnih pesmi. Pravilno oddanih je bilo skupno 3.675 spletnih glasov. Med petimi nominiranimi pesmimi je zmagala tista, ki je prejela najve\u010d spletnih glasov.<\/p>\n<p>\u017dirija je izbrala naslednjih pet nominiranih pesmi za malo Veroniko 2019 (pesmi so navedene po vrstnem redu prejema pesmi):<\/p>\n<p>&#8211; Resnica ali izziv, Mia Valen\u010di\u010d, Gimnazija Ilirska Bistrica, \u0160C Postojna, mentorica Mateja Rebec Hre\u0161\u010dak, prof.<\/p>\n<p>&#8211; Rde\u010d kuli, Kaja Magovec, Gimnazija Kranj<\/p>\n<p>&#8211; Plesniva jagodna marmelada, Laura Papler Slana, Ekonomska gimnazija in srednja \u0161ola Radovljica, \u00a0mentorica Lidija Brezav\u0161\u010dek, prof.<\/p>\n<p>&#8211; Razumeti, Matija Petrovi\u010d, Gimnazija Be\u017eigrad, mentorica Marjana Ivan\u010di\u010d<\/p>\n<p>&#8211; Izre\u010di, Tina \u0160ajn, Gimnazija Vi\u010d, mentorica Marjetka Krape\u017e<\/p>\n<p>\u017dirija je kot vedno izbirala pesmi na temelju metode natan\u010dnega branja in recepcijsko-percepcijske knji\u017eevne taktike. Med mnogimi kvalitetnimi pesmimi je po njihovem mnenju izstopalo izbranih pet pesmi.<\/p>\n<p>Utemeljitev izbora pesmi na\u0161e dijakinje se glasi takole:<\/p>\n<p>\u00bbPesem s posebnim in sodobnim naslovom Plesniva jagodna marmelada ima nekoliko defetisti\u010den predznak, predstavlja pa \u017eivljenjsko skepso in mra\u010dni spomin z vrsto nadrealisti\u010dnih sintagem oziroma podob \u2026\u00ab (dr. Zoran Pevec, predsednik strokovne \u017eirije)<\/p>\n<p>Pesem na\u0161e dijakinje Laure Papler Slana je na koncu po \u0161tevilu pre\u0161tetih glasov dosegla drugo mesto!<\/p>\n<p>\u010cestitamo!<\/p>\n<p>Lidija Brezav\u0161\u010dek, mentorica<\/p>\n<p><img decoding=\"async\" class=\"alignnone wp-image-16465 size-medium\" src=\"https:\/\/www.egss.si\/wp-content\/uploads\/2019\/05\/mala-veronika-2019-300x200.jpg\" alt=\"\" width=\"300\" height=\"200\" srcset=\"https:\/\/www.egss.si\/wp-content\/uploads\/2019\/05\/mala-veronika-2019-200x133.jpg 200w, https:\/\/www.egss.si\/wp-content\/uploads\/2019\/05\/mala-veronika-2019-300x200.jpg 300w, https:\/\/www.egss.si\/wp-content\/uploads\/2019\/05\/mala-veronika-2019-400x266.jpg 400w, https:\/\/www.egss.si\/wp-content\/uploads\/2019\/05\/mala-veronika-2019-600x400.jpg 600w, https:\/\/www.egss.si\/wp-content\/uploads\/2019\/05\/mala-veronika-2019.jpg 668w\" sizes=\"(max-width: 300px) 100vw, 300px\" \/><\/p>\n<p>PLESNIVA JAGODNA MARMELADA<\/p>\n<p>Sedi\u0161 v zapu\u0161\u010deni kamri, je\u0161 pti\u010dje otrobe.<br \/>\nGleda\u0161 skozi okno, ki ima namesto stekla paj\u010devine.<br \/>\nGrabijo te kle\u0161\u010de samote.<br \/>\nTrgajo te zvoki sramote.<br \/>\nMed tramovi razbite strehe mra\u010dni oblaki de\u017eujejo spomine,<br \/>\npadajo na plesnivo jagodno marmelado<br \/>\nin nate.<br \/>\nVsaka kaplja zare\u017ee vate, iz ko\u017ee pronica kri.<br \/>\nNih\u010de ne popravi strehe, de\u017e nikoli ne mine.<br \/>\nBoji\u0161 se izgubiti sonce, \u010deprav ga sploh ni.<br \/>\nIz ko\u0161\u010dkov steklene penine pijejo hro\u0161\u010di,<br \/>\nogabni hro\u0161\u010di, ki ti vsi pijani lezejo v lasi\u0161\u010de.<br \/>\nVsak najde svoje mesto, vsak najde, kar i\u0161\u010de.<br \/>\nBrezdomci so, potrebujejo preno\u010di\u0161\u010de.<\/p>\n<p>Ho\u010de\u0161 vstati.<br \/>\nVstane\u0161.<br \/>\n&#8230; krh! &#8230;<br \/>\nKolena so se pod pritiskom zlomila.<br \/>\nKost nagajivo kuka na plano.<br \/>\nGosenica nosi utrgan noht po rami in dela novo rano.<\/p>\n<p>Rad bi pri\u0161el do vrat,<br \/>\nkjer rastejo strupene gobe<br \/>\nin mo\u017e z \u017eelezno roko dr\u017ei ostro zarjavelo oro\u017eje.<\/p>\n<p>Usede\u0161 se<br \/>\nin \u0161e naprej je\u0161 pti\u010dje otrobe.<\/p>\n<\/div><div class=\"fusion-sep-clear\"><\/div><div class=\"fusion-separator fusion-full-width-sep\" style=\"margin-left: auto;margin-right: auto;width:100%;\"><div class=\"fusion-separator-border sep-single\" style=\"--awb-height:20px;--awb-amount:20px;border-color:#e0dede;border-top-width:1px;\"><\/div><\/div><div class=\"fusion-sep-clear\"><\/div><div class=\"fusion-text fusion-text-32\"><h1>\u0160OLSKO LETO 2018\/19<\/h1>\n<\/div><div class=\"fusion-sep-clear\"><\/div><div class=\"fusion-separator fusion-full-width-sep\" style=\"margin-left: auto;margin-right: auto;width:100%;\"><div class=\"fusion-separator-border sep-single\" style=\"--awb-height:20px;--awb-amount:20px;border-color:#e0dede;border-top-width:1px;\"><\/div><\/div><div class=\"fusion-sep-clear\"><\/div><div class=\"fusion-text fusion-text-33\"><h1>Pesem je last vseh, ki jo berejo<\/h1>\n<p>Leto\u0161nja izdaja Nemira je zbirka pesmi dveh avtoric, dijakinj EGS\u0160. Dopolnjujejo jo ilustracije, ki v vsaki pesmi posebej raz\u0161irijo in bogatijo osnovno zgodbo ter dokazujejo razli\u010dnost pogledov na posamezno pesni\u0161ko kreacijo. Ko ustvarjalec pesem objavi, preneha biti izklju\u010dno pesnikova last, bralcu se ponuja kot osnova in podlaga za lastne interpretacije in dojemanja. Ilustracije so delo na\u0161ih dijakinj in dijakov medijske usmeritve pod mentorstvom Andreje Zavr\u0161nik.<\/p>\n<p>Laura Papler Slana se nam je predstavila \u017ee v lanskem Nemiru. Je plodovita avtorica, letos s svojo pesmijo Polno\u010d zastopa na\u0161o \u0161olo na pesni\u0161kem nate\u010daju za srednje\u0161olce Mala Veronika.<\/p>\n<p>Sariqa je dijakinja prvega letnika in prepri\u010dana sem, da bomo njeno ne\u017eno lirsko poezijo, polno ob\u010dutljive in kriti\u010dne bivanjske note, v prihodnjih letih \u0161e brali. Pi\u0161e izklju\u010dno v angle\u0161\u010dini in presene\u010da s svojim bogatim pesni\u0161kim izrazom.<\/p>\n<p>Tudi sicer so pesmi pri\u010dujo\u010dega Nemira prete\u017eno v angle\u0161kem jeziku, nekaj pa jih je vendarle v sloven\u0161\u010dini. Naj vas nikar ne moti, da so nekatere besede Laurinih slovenskih pesmi v foneti\u010dnem zapisu, take morajo biti, ker avtorica to \u017eeli. Pesmi so namre\u010d pisane kot besedila za uglasbitev.<\/p>\n<p>Vabim vse dijakinje in dijake na\u0161e \u0161ole, ki jim je pisanje pesmi blizu, naj za naslednji Nemir tudi sami prispevajo svoje pesmi. Zdaj pa vabim k branju in podo\u017eivljanju teh, ki so pred nami.<\/p>\n<p>Mentorica: Lidija Brezav\u0161\u010dek, prof.<\/p>\n<\/div><div class=\"fusion-clearfix\"><\/div><\/div><\/div><div class=\"fusion-layout-column fusion_builder_column fusion-builder-column-2 fusion_builder_column_1_1 1_1 fusion-one-full fusion-column-first fusion-column-last\" style=\"--awb-bg-size:cover;--awb-margin-top:40px;\"><div class=\"fusion-column-wrapper fusion-flex-column-wrapper-legacy\"><div class=\"fusion-text fusion-text-34\"><p><a href=\"https:\/\/www.egss.si\/wp-content\/uploads\/2019\/01\/nemir-2018-egss.pdf\" target=\"_blank\" rel=\"noopener noreferrer\">Pesni\u0161ka zbirka Nemir 2018<\/a>\u00a0<i class=\"fb-icon-element-5 fb-icon-element fontawesome-icon fa-pen-nib fas circle-yes fusion-text-flow\" style=\"--awb-circlebordersize:1px;--awb-font-size:28.16px;--awb-width:56.32px;--awb-height:56.32px;--awb-line-height:54.32px;--awb-margin-right:16px;\"><\/i><\/p>\n<\/div><div class=\"fusion-clearfix\"><\/div><\/div><\/div><\/div><\/div><\/p>\n","protected":false},"excerpt":{"rendered":"","protected":false},"author":3,"featured_media":0,"parent":0,"menu_order":0,"comment_status":"closed","ping_status":"closed","template":"100-width.php","meta":{"_monsterinsights_skip_tracking":false,"_monsterinsights_sitenote_active":false,"_monsterinsights_sitenote_note":"","_monsterinsights_sitenote_category":0,"two_page_speed":[],"footnotes":""},"class_list":["post-13630","page","type-page","status-publish","hentry"],"_links":{"self":[{"href":"https:\/\/www.egss.si\/index.php\/wp-json\/wp\/v2\/pages\/13630","targetHints":{"allow":["GET"]}}],"collection":[{"href":"https:\/\/www.egss.si\/index.php\/wp-json\/wp\/v2\/pages"}],"about":[{"href":"https:\/\/www.egss.si\/index.php\/wp-json\/wp\/v2\/types\/page"}],"author":[{"embeddable":true,"href":"https:\/\/www.egss.si\/index.php\/wp-json\/wp\/v2\/users\/3"}],"replies":[{"embeddable":true,"href":"https:\/\/www.egss.si\/index.php\/wp-json\/wp\/v2\/comments?post=13630"}],"version-history":[{"count":74,"href":"https:\/\/www.egss.si\/index.php\/wp-json\/wp\/v2\/pages\/13630\/revisions"}],"predecessor-version":[{"id":21527,"href":"https:\/\/www.egss.si\/index.php\/wp-json\/wp\/v2\/pages\/13630\/revisions\/21527"}],"wp:attachment":[{"href":"https:\/\/www.egss.si\/index.php\/wp-json\/wp\/v2\/media?parent=13630"}],"curies":[{"name":"wp","href":"https:\/\/api.w.org\/{rel}","templated":true}]}}